{"id":44,"date":"2014-11-05T10:14:07","date_gmt":"2014-11-05T10:14:07","guid":{"rendered":"http:\/\/traumare.com\/?page_id=44"},"modified":"2016-09-23T12:39:44","modified_gmt":"2016-09-23T12:39:44","slug":"centro-medico","status":"publish","type":"page","link":"https:\/\/traumare.com\/es\/centro-medico\/","title":{"rendered":"Traumare"},"content":{"rendered":"<p>[vc_row][vc_column][vc_column_text]<div id=\"metaslider-id-737\" style=\"max-width: 1024px;\" class=\"ml-slider-3-60-1 metaslider metaslider-flex metaslider-737 ml-slider ms-theme-default\" role=\"region\" aria-roledescription=\"Slideshow\" aria-label=\"traumare\">\n    <div id=\"metaslider_container_737\">\n        <div id=\"metaslider_737\">\n            <ul aria-live=\"polite\" class=\"slides\">\n                <li style=\"display: block; width: 100%;\" class=\"slide-739 ms-image\" aria-roledescription=\"slide\" aria-label=\"slide-739\"><img loading=\"lazy\" decoding=\"async\" src=\"https:\/\/traumare.com\/wp-content\/uploads\/2015\/12\/Fotografies-Traumare-Centre-Medic-lleida.jpg\" height=\"341\" width=\"1024\" alt=\"\" class=\"slider-737 slide-739\" title=\"fa\u00e7ana traumare\" \/><\/li>\n                <li style=\"display: none; width: 100%;\" class=\"slide-738 ms-image\" aria-roledescription=\"slide\" aria-label=\"slide-738\"><img loading=\"lazy\" decoding=\"async\" src=\"https:\/\/traumare.com\/wp-content\/uploads\/2015\/12\/Fotografies-Traumare-Centre-Medic-lleida_02.jpg\" height=\"341\" width=\"1024\" alt=\"\" class=\"slider-737 slide-738\" \/><\/li>\n                <li style=\"display: none; width: 100%;\" class=\"slide-841 ms-image\" aria-roledescription=\"slide\" aria-label=\"slide-841\"><img loading=\"lazy\" decoding=\"async\" src=\"https:\/\/traumare.com\/wp-content\/uploads\/2015\/12\/Fotografies-Traumare-Centre-Medic-lleida_03.jpg\" height=\"341\" width=\"1024\" alt=\"\" class=\"slider-737 slide-841\" \/><\/li>\n                <li style=\"display: none; width: 100%;\" class=\"slide-840 ms-image\" aria-roledescription=\"slide\" aria-label=\"slide-840\"><img loading=\"lazy\" decoding=\"async\" src=\"https:\/\/traumare.com\/wp-content\/uploads\/2015\/12\/Fotografies-Traumare-Centre-Medic-lleida_04.jpg\" height=\"341\" width=\"1024\" alt=\"\" class=\"slider-737 slide-840\" \/><\/li>\n                <li style=\"display: none; width: 100%;\" class=\"slide-1126 ms-image\" aria-roledescription=\"slide\" aria-label=\"slide-1126\"><img loading=\"lazy\" decoding=\"async\" src=\"https:\/\/traumare.com\/wp-content\/uploads\/2015\/12\/Traumare-Centro-Medico-rehabilitacion-osteopatia-lleida.jpg\" height=\"341\" width=\"1024\" alt=\"\" class=\"slider-737 slide-1126\" \/><\/li>\n            <\/ul>\n        <\/div>\n        \n    <\/div>\n<\/div>[\/vc_column_text][\/vc_column][\/vc_row][vc_row][vc_column width=\u00bb2\/3&#8243;][vc_custom_heading text=\u00bbCentro m\u00e9dico y de especialidades\u00bb use_theme_fonts=\u00bbyes\u00bb css=\u00bb.vc_custom_1454410328060{margin-top: 10px !important;margin-right: 0px !important;margin-bottom: 0px !important;margin-left: 0px !important;}\u00bb][vc_column_text]Traumare\u00a0es\u00a0un centro m\u00e9dico con m\u00e1s de 25 a\u00f1os de experiencia en el mundo de la sanidad y especializada en traumatolog\u00eda, cirug\u00eda ortop\u00e9dica, fisioterapia y valoraci\u00f3n del da\u00f1o corporal. Contamos con unos grandes profesionales plenamente implicados en dar el mejor trato a los pacientes, tanto a nivel m\u00e9dico como administrativo.<\/p>\n<p>A lo largo de estos a\u00f1os y gracias a la buena y fluida relaci\u00f3n con las entidades aseguradoras y lesionados, hemos adquirido una gran experiencia en el asesoramiento al lesionado y tramitaci\u00f3n de expedientes con las compa\u00f1\u00edas, descargando al paciente de la preocupaci\u00f3n de tener que\u00a0hacer tr\u00e1mites administrativos.<\/p>\n<p>Estamos adheridos al convenio de asistencia sanitaria a lesionados en accidentes de tr\u00e1fico como centro extra hospitalario.<\/p>\n<p>Asimismo tambi\u00e9n colaboramos con compa\u00f1\u00edas de seguros en\u00a0p\u00f3lizas de salud y atendemos privadamente a pacientes.[\/vc_column_text][vc_custom_heading text=\u00bbConcertado con todas las compa\u00f1\u00edas\u00bb font_container=\u00bbtag:h3|text_align:center|color:%23ffffff\u00bb use_theme_fonts=\u00bbyes\u00bb css=\u00bb.vc_custom_1453289851777{margin-top: 10px !important;margin-right: 0px !important;margin-bottom: 10px !important;margin-left: 0px !important;border-top-width: 30px !important;border-right-width: 30px !important;border-bottom-width: 30px !important;border-left-width: 30px !important;padding-top: 20px !important;padding-right: 20px !important;padding-bottom: 20px !important;padding-left: 20px !important;background-color: #9fa43c !important;}\u00bb][\/vc_column][vc_column width=\u00bb1\/3&#8243;]<h2 class=\"box-header\">Pide Cita<\/h2>[vc_column_text css=\u00bb.vc_custom_1453716000834{margin-top: 30px !important;}\u00bb]<\/p>\n<h3>Llamando al tel\u00e9fono <span style=\"color: #9fa43c;\">973 268 599<\/span>\u00a0o a trav\u00e9s del siguiente\u00a0formulario:<\/h3>\n<p>[\/vc_column_text]<form class=\"contact-form \" id=\"contact_form\" method=\"post\" action=\"\"><div class=\"vc_row wpb_row vc_inner\">\n\t\t\t<fieldset class=\"vc_col-sm-6 wpb_column vc_column_container\"><label>FIRST NAME<\/label>\n\t\t\t\t<div class=\"block\">\n\t\t\t\t\t<input class=\"text_input\" name=\"first_name\" type=\"text\" value=\"\" tabindex=\"1\" data-required=\"1\">\n\t\t\t\t<\/div><label>DATE OF BIRTH (mm\/dd\/yyyy)<\/label>\n\t\t\t\t<div class=\"block\">\n\t\t\t\t\t<input class=\"text_input\" name=\"date_of_birth\" type=\"text\" value=\"\" tabindex=\"3\">\n\t\t\t\t<\/div><label>PHONE NUMBER<\/label>\n\t\t\t\t<div class=\"block\">\n\t\t\t\t\t<input class=\"text_input\" name=\"phone_number\" type=\"text\" value=\"\" tabindex=\"5\">\n\t\t\t\t<\/div><\/fieldset>\n\t\t\t<fieldset class=\"vc_col-sm-6 wpb_column vc_column_container\"><label>LAST NAME<\/label>\n\t\t\t\t<div class=\"block\">\n\t\t\t\t\t<input class=\"text_input\" name=\"last_name\" type=\"text\" value=\"\" tabindex=\"2\" data-required=\"1\">\n\t\t\t\t<\/div><label>SOCIAL SECURITY NUMBER<\/label>\n\t\t\t\t<div class=\"block\">\n\t\t\t\t\t<input class=\"text_input\" name=\"social_security_number\" type=\"text\" value=\"\" tabindex=\"4\">\n\t\t\t\t<\/div><label>E-MAIL<\/label>\n\t\t\t\t<div class=\"block\">\n\t\t\t\t\t<input class=\"text_input\" name=\"email\" type=\"text\" value=\"\" tabindex=\"6\" data-required=\"1\">\n\t\t\t\t<\/div><\/fieldset>\n\t\t<\/div><div class=\"vc_row wpb_row vc_inner\">\n\t\t\t<fieldset>\n\t\t\t\t<label>REASON OF APPOINTMENT<\/label>\n\t\t\t\t<div class=\"block\">\n\t\t\t\t\t<textarea name=\"message\" tabindex=\"7\" data-required=\"1\"><\/textarea>\n\t\t\t\t<\/div>\n\t\t\t<\/fieldset>\n\t\t<\/div><div class=\"vc_row wpb_row vc_inner submit-container margin-top-30\"><div class=\"vc_col-sm-6 wpb_column vc_column_container\">\n\t\t\t\t<p>We will contact you within one business day.<\/p>\n\t\t\t<\/div>\n\t\t\t<div class=\"vc_col-sm-6 wpb_column vc_column_container \"><input type=\"hidden\" name=\"action\" value=\"theme_contact_form\" \/>\n\t\t\t\t<input type=\"hidden\" name=\"id\" value=\"contact_form\" \/><div class=\"vc_row wpb_row vc_inner\">\n\t\t\t\t<input type=\"submit\" name=\"submit\" value=\"SEND\" class=\"more mc-button\" \/>\n\t\t\t<\/div><\/div><\/div>\n\t<\/form>[\/vc_column][\/vc_row][vc_row][vc_column]<ul class=\"gallery-item-details-list clearfix margin-bottom\"><li id=\"gallery-details-xavi-mir-bergada\" class=\"gallery-item-details clearfix\">\n\t\t\t\t\t<div class=\"vc_row wpb_row vc_row-fluid\">\n\t\t\t\t\t\t<div class=\"vc_col-sm-6 wpb_column vc_column_container\"><div class=\"gallery-box hover-icons-off\"><span class=\"mc-preloader\"><\/span>\n\t\t\t\t\t\t\t\t\t<img loading=\"lazy\" decoding=\"async\" width=\"480\" height=\"360\" src=\"https:\/\/traumare.com\/wp-content\/uploads\/2023\/01\/Xavier-mir-traumare-1.jpg\" class=\"mc-preload wp-post-image\" alt=\"Xavi Mir Bergada\" title=\"\" srcset=\"https:\/\/traumare.com\/wp-content\/uploads\/2023\/01\/Xavier-mir-traumare-1.jpg 480w, https:\/\/traumare.com\/wp-content\/uploads\/2023\/01\/Xavier-mir-traumare-1-300x225.jpg 300w\" sizes=\"(max-width: 480px) 100vw, 480px\" \/>\n\t\t\t\t\t\t\t\t\t<ul class=\"controls\">\n\t\t\t\t\t\t\t\t\t\t<li>\n\t\t\t\t\t\t\t\t\t\t\t<a href=\"https:\/\/traumare.com\/wp-content\/uploads\/2023\/01\/Xavier-mir-traumare-1.jpg\" class=\"template-plus-2 fancybox open-lightbox\" rel=\"featured-gallery\"><\/a>\n\t\t\t\t\t\t\t\t\t\t<\/li>\n\t\t\t\t\t\t\t\t\t<\/ul><div class=\"description\">\n\t\t\t\t\t\t\t\t\t\t<h3>Xavi Mir Bergada<\/h3>\n\t\t\t\t\t\t\t\t\t\t<h5>Fisioterapeuta<\/h5>\n\t\t\t\t\t\t\t\t\t<\/div><\/div><ul class=\"social-icons clearfix\"><li><a class=\"social-facebook\" href=\"https:\/\/www.facebook.com\/traumare\/\" title=\"\">&nbsp;<\/a><\/li><li><a class=\"social-instagram\" href=\"https:\/\/www.instagram.com\/traumare_rhb\/\" title=\"\">&nbsp;<\/a><\/li><\/ul><\/div>\n\t\t\t\t\t<div class=\"vc_col-sm-6 wpb_column vc_column_container\">\n\t\t\t\t\t\t<div class=\"details-box\"><ul class=\"controls\">\n\t\t\t\t\t\t\t\t\t<li>\n\t\t\t\t\t\t\t\t\t\t<a href=\"#\" class=\"prev template-arrow-horizontal-3\"><\/a>\n\t\t\t\t\t\t\t\t\t<\/li>\n\t\t\t\t\t\t\t\t\t<li>\n\t\t\t\t\t\t\t\t\t\t<a href=\"#\" class=\"next template-arrow-horizontal-3\"><\/a>\n\t\t\t\t\t\t\t\t\t<\/li>\n\t\t\t\t\t\t\t\t\t<li class=\"separator\">&nbsp;<\/li><li>\n\t\t\t\t\t\t\t\t\t\t<a href=\"#gallery-details-close\" class=\"close template-remove-1\"><\/a>\n\t\t\t\t\t\t\t\t\t<\/li>\n\t\t\t\t\t\t\t\t<\/ul><h2 class=\"box-header\"> Xavi Mir Bergada<\/h2><strong>N\u00fam colegiado: 15097<\/strong>\r\n\r\n<strong>Formaci\u00f3n:<\/strong>\r\n<ul>\r\n \t<li>Graduado en Fisioterapia en la Universitat Rovira i Virgili<\/li>\r\n \t<li>M\u00e1ster en Readaptaci\u00f3n Deportiva, prescripci\u00f3n de ejercicio f\u00edsico y tratamiento del dolor<\/li>\r\n \t<li>Formaci\u00f3n en la t\u00e9cnica de Punci\u00f3n Seca y Fibrolisi Instrumental Miofacial<\/li>\r\n \t<li>Especializaci\u00f3n en Return to Play despu\u00e9s de una lesi\u00f3n<\/li>\r\n \t<li>Formaci\u00f3n en la analisi y la biomec\u00e1nica del corredor<\/li>\r\n \t<li>Formaci\u00f3n en cefaleas y migra\u00f1as cr\u00f3nicas y tensionales<\/li>\r\n<\/ul><div class=\"item-footer clearfix\"><a title=\"Xavi Mir Bergada\" href=\"https:\/\/traumare.com\/es\/doctors\/xavi-mir-bergada\/\" class=\"mc-button more light template-arrow-horizontal-1-after\">PROFILE<\/a><\/div><\/div><\/div>\n\t\t\t\t<\/div><li id=\"gallery-details-anabel-gateu-charles\" class=\"gallery-item-details clearfix\">\n\t\t\t\t\t<div class=\"vc_row wpb_row vc_row-fluid\">\n\t\t\t\t\t\t<div class=\"vc_col-sm-6 wpb_column vc_column_container\"><div class=\"gallery-box hover-icons-off\"><span class=\"mc-preloader\"><\/span>\n\t\t\t\t\t\t\t\t\t<img loading=\"lazy\" decoding=\"async\" width=\"480\" height=\"300\" src=\"https:\/\/traumare.com\/wp-content\/uploads\/2020\/02\/Equipo-medico-Traumare-anabel-gateu-charles-psicologia-lleida-480x300.jpeg\" class=\"mc-preload wp-post-image\" alt=\"Anabel Gateu Charles\" title=\"\" \/>\n\t\t\t\t\t\t\t\t\t<ul class=\"controls\">\n\t\t\t\t\t\t\t\t\t\t<li>\n\t\t\t\t\t\t\t\t\t\t\t<a href=\"https:\/\/anabelpsicologa.com\/\" class=\"template-plus-2 fancybox-url open-url-lightbox\" rel=\"featured-gallery\"><\/a>\n\t\t\t\t\t\t\t\t\t\t<\/li>\n\t\t\t\t\t\t\t\t\t<\/ul><div class=\"description\">\n\t\t\t\t\t\t\t\t\t\t<h3>Anabel Gateu Charles<\/h3>\n\t\t\t\t\t\t\t\t\t\t<h5>Psic\u00f3loga<\/h5>\n\t\t\t\t\t\t\t\t\t<\/div><\/div><ul class=\"social-icons clearfix\"><li><a class=\"social-facebook\" href=\"https:\/\/www.facebook.com\/anabelgateupsicologa\/\" target=\"_blank\" title=\"\">&nbsp;<\/a><\/li><li><a class=\"social-instagram\" href=\"https:\/\/www.instagram.com\/psicologa_anabelgateu\/\" target=\"_blank\" title=\"\">&nbsp;<\/a><\/li><\/ul><\/div>\n\t\t\t\t\t<div class=\"vc_col-sm-6 wpb_column vc_column_container\">\n\t\t\t\t\t\t<div class=\"details-box\"><ul class=\"controls\">\n\t\t\t\t\t\t\t\t\t<li>\n\t\t\t\t\t\t\t\t\t\t<a href=\"#\" class=\"prev template-arrow-horizontal-3\"><\/a>\n\t\t\t\t\t\t\t\t\t<\/li>\n\t\t\t\t\t\t\t\t\t<li>\n\t\t\t\t\t\t\t\t\t\t<a href=\"#\" class=\"next template-arrow-horizontal-3\"><\/a>\n\t\t\t\t\t\t\t\t\t<\/li>\n\t\t\t\t\t\t\t\t\t<li class=\"separator\">&nbsp;<\/li><li>\n\t\t\t\t\t\t\t\t\t\t<a href=\"#gallery-details-close\" class=\"close template-remove-1\"><\/a>\n\t\t\t\t\t\t\t\t\t<\/li>\n\t\t\t\t\t\t\t\t<\/ul><h2 class=\"box-header\"> Anabel Gateu Charles<\/h2><strong>N\u00fam Colegiado: <\/strong>26488.\r\n<strong>Formaci\u00f3n:<\/strong>\r\n<ul>\r\n \t<li>Graduada Psicolog\u00eda por la Universidad de Barcelona (UB).<\/li>\r\n \t<li>M\u00e1ster Psicolog\u00eda General Sanitaria por la Universidad de Lleida (UdL).<\/li>\r\n \t<li>M\u00e1ster Internacional Psicolog\u00eda del Deporte por Esneca Business School.<\/li>\r\n \t<li>Posgrado Experto Psicolog\u00eda Infantil y Juvenil por Esneca Business School.<\/li>\r\n \t<li>Experta Psiconutrici\u00f3n por el Instituto de Gesti\u00f3n Emocional, Nutrici\u00f3n y Obesidad.<\/li>\r\n \t<li>Experta universitaria en abuso escolar (bullying\u00a0y\u00a0ciberbullying)\u00a0por el Instituto Superior de Formaci\u00f3n\u00a0Apertura\u00a0Psicol\u00f3gica (ISFAP).Asociaciones:Colegio oficial de psic\u00f3logos de Catalu\u00f1a (COPC)<\/li>\r\n<\/ul><div class=\"item-footer clearfix\"><a title=\"Anabel Gateu Charles\" href=\"https:\/\/traumare.com\/es\/doctors\/anabel-gateu-charles\/\" class=\"mc-button more light template-arrow-horizontal-1-after\">PROFILE<\/a><\/div><\/div><\/div>\n\t\t\t\t<\/div><li id=\"gallery-details-dr-adolfo-lafuente-cuenca\" class=\"gallery-item-details clearfix\">\n\t\t\t\t\t<div class=\"vc_row wpb_row vc_row-fluid\">\n\t\t\t\t\t\t<div class=\"vc_col-sm-6 wpb_column vc_column_container\"><div class=\"gallery-box hover-icons-off\"><span class=\"mc-preloader\"><\/span>\n\t\t\t\t\t\t\t\t\t<img loading=\"lazy\" decoding=\"async\" width=\"480\" height=\"300\" src=\"https:\/\/traumare.com\/wp-content\/uploads\/2016\/01\/Equipo-medico-Traumare-Dr-Lafuente-traumatologo-lleida-480x300.jpg\" class=\"mc-preload wp-post-image\" alt=\"Dr. Adolfo Lafuente Cuenca\" title=\"\" \/>\n\t\t\t\t\t\t\t\t\t<ul class=\"controls\">\n\t\t\t\t\t\t\t\t\t\t<li>\n\t\t\t\t\t\t\t\t\t\t\t<a href=\"https:\/\/traumare.com\/wp-content\/uploads\/2016\/01\/Equipo-medico-Traumare-Dr-Lafuente-traumatologo-lleida.jpg\" class=\"template-plus-2 fancybox open-lightbox\" rel=\"featured-gallery\"><\/a>\n\t\t\t\t\t\t\t\t\t\t<\/li>\n\t\t\t\t\t\t\t\t\t<\/ul><div class=\"description\">\n\t\t\t\t\t\t\t\t\t\t<h3>Dr. Adolfo Lafuente Cuenca<\/h3>\n\t\t\t\t\t\t\t\t\t\t<h5>Traumat\u00f3logo<\/h5>\n\t\t\t\t\t\t\t\t\t<\/div><\/div><ul class=\"social-icons clearfix\"><li><a class=\"social-facebook\" href=\"https:\/\/www.facebook.com\/traumare\" target=\"_blank\" title=\"\">&nbsp;<\/a><\/li><li><a class=\"social-instagram\" href=\"https:\/\/www.instagram.com\/traumare_rhb\/\" target=\"_blank\" title=\"\">&nbsp;<\/a><\/li><\/ul><\/div>\n\t\t\t\t\t<div class=\"vc_col-sm-6 wpb_column vc_column_container\">\n\t\t\t\t\t\t<div class=\"details-box\"><ul class=\"controls\">\n\t\t\t\t\t\t\t\t\t<li>\n\t\t\t\t\t\t\t\t\t\t<a href=\"#\" class=\"prev template-arrow-horizontal-3\"><\/a>\n\t\t\t\t\t\t\t\t\t<\/li>\n\t\t\t\t\t\t\t\t\t<li>\n\t\t\t\t\t\t\t\t\t\t<a href=\"#\" class=\"next template-arrow-horizontal-3\"><\/a>\n\t\t\t\t\t\t\t\t\t<\/li>\n\t\t\t\t\t\t\t\t\t<li class=\"separator\">&nbsp;<\/li><li>\n\t\t\t\t\t\t\t\t\t\t<a href=\"#gallery-details-close\" class=\"close template-remove-1\"><\/a>\n\t\t\t\t\t\t\t\t\t<\/li>\n\t\t\t\t\t\t\t\t<\/ul><h2 class=\"box-header\"> Dr. Adolfo Lafuente Cuenca<\/h2><strong>Formaci\u00f3n<\/strong>\r\n<ul>\r\n \t<li>Licenciado en Medicina y Cirug\u00eda por la Universidad de Zaragoza.<\/li>\r\n \t<li>Doctor en Medicina y Cirug\u00eda \"cum laude\" por la Universidad de Lleida.<\/li>\r\n \t<li>Tesis doctoral: Influencia de la lesi\u00f3n encef\u00e1lica en la consolidaci\u00f3n de fracturas.<\/li>\r\n \t<li>Especialista en medicina deportiva.<\/li>\r\n \t<li>Master en Econom\u00eda de la Salud y Gesti\u00f3n Sanitaria por la Universidad de Barcelona y la Universidad Pompeu Fabra.<\/li>\r\n<\/ul>\r\n<strong>Asociaciones<\/strong>\r\nMiembro SECOT - Sociedad Espa\u00f1ola de Cirug\u00eda Ortop\u00e9dica y Traumatolog\u00eda\r\nMiembro AAOS - American Academy of Orthopaedic Surgeons<div class=\"item-footer clearfix\"><a title=\"Dr. Adolfo Lafuente Cuenca\" href=\"https:\/\/traumare.com\/es\/doctors\/dr-adolfo-lafuente-cuenca\/\" class=\"mc-button more light template-arrow-horizontal-1-after\">PROFILE<\/a><\/div><\/div><\/div>\n\t\t\t\t<\/div><li id=\"gallery-details-dr-antoni-encinas-pinol\" class=\"gallery-item-details clearfix\">\n\t\t\t\t\t<div class=\"vc_row wpb_row vc_row-fluid\">\n\t\t\t\t\t\t<div class=\"vc_col-sm-6 wpb_column vc_column_container\"><div class=\"gallery-box hover-icons-off\"><span class=\"mc-preloader\"><\/span>\n\t\t\t\t\t\t\t\t\t<img loading=\"lazy\" decoding=\"async\" width=\"480\" height=\"300\" src=\"https:\/\/traumare.com\/wp-content\/uploads\/2016\/07\/Equipo-medico-Traumare-Encinas-medicina-familiar-lleida-480x300.jpg\" class=\"mc-preload wp-post-image\" alt=\"Dr. Antoni Encinas Pi\u00f1ol\" title=\"\" \/>\n\t\t\t\t\t\t\t\t\t<ul class=\"controls\">\n\t\t\t\t\t\t\t\t\t\t<li>\n\t\t\t\t\t\t\t\t\t\t\t<a href=\"https:\/\/traumare.com\/wp-content\/uploads\/2016\/07\/Equipo-medico-Traumare-Encinas-medicina-familiar-lleida.jpg\" class=\"template-plus-2 fancybox open-lightbox\" rel=\"featured-gallery\"><\/a>\n\t\t\t\t\t\t\t\t\t\t<\/li>\n\t\t\t\t\t\t\t\t\t<\/ul><div class=\"description\">\n\t\t\t\t\t\t\t\t\t\t<h3>Dr. Antoni Encinas Pi\u00f1ol<\/h3>\n\t\t\t\t\t\t\t\t\t\t<h5>M\u00e9dico de Familia<\/h5>\n\t\t\t\t\t\t\t\t\t<\/div><\/div><ul class=\"social-icons clearfix\"><li><a class=\"social-facebook\" href=\"https:\/\/www.facebook.com\/traumare\" target=\"_blank\" title=\"\">&nbsp;<\/a><\/li><li><a class=\"social-instagram\" href=\"https:\/\/www.instagram.com\/traumare_rhb\/\" target=\"_blank\" title=\"\">&nbsp;<\/a><\/li><\/ul><\/div>\n\t\t\t\t\t<div class=\"vc_col-sm-6 wpb_column vc_column_container\">\n\t\t\t\t\t\t<div class=\"details-box\"><ul class=\"controls\">\n\t\t\t\t\t\t\t\t\t<li>\n\t\t\t\t\t\t\t\t\t\t<a href=\"#\" class=\"prev template-arrow-horizontal-3\"><\/a>\n\t\t\t\t\t\t\t\t\t<\/li>\n\t\t\t\t\t\t\t\t\t<li>\n\t\t\t\t\t\t\t\t\t\t<a href=\"#\" class=\"next template-arrow-horizontal-3\"><\/a>\n\t\t\t\t\t\t\t\t\t<\/li>\n\t\t\t\t\t\t\t\t\t<li class=\"separator\">&nbsp;<\/li><li>\n\t\t\t\t\t\t\t\t\t\t<a href=\"#gallery-details-close\" class=\"close template-remove-1\"><\/a>\n\t\t\t\t\t\t\t\t\t<\/li>\n\t\t\t\t\t\t\t\t<\/ul><h2 class=\"box-header\"> Dr. Antoni Encinas Pi\u00f1ol<\/h2><strong>Formaci\u00f3n:<\/strong>\r\nEspecialidad en Medicina Familiar y Comunitaria. Unidad Docente de Medicina Familiar y Comunitaria de Lleida.\r\nLicenciatura en Medicina.\u00a0<span class=\"hiddenSpellError\">UdL<\/span>.\r\n<strong>Formaci\u00f3n Complementar\u00eda:<\/strong>\r\n<ul>\r\n \t<li>XIII Curso de ecograf\u00eda cl\u00ednica en patolog\u00eda aguda, urgente y cr\u00edtica.\u00a0<span class=\"hiddenSpellError\">UdL<\/span>.<\/li>\r\n \t<li>Curso de Aspectos legales y \u00e9ticos de la pr\u00e1ctica sanitaria.\u00a0<span class=\"hiddenSpellError\">ICS<\/span>. Primaria Lleida.<\/li>\r\n \t<li>Sesi\u00f3n cl\u00ednica para la Mejora de las habilidades comunicativas en situaciones especiales.\u00a0<span class=\"hiddenSpellError\">ICS<\/span>. Primaria Lleida.<\/li>\r\n \t<li>Curso de Gesti\u00f3n de la incapacidad temporal.\u00a0<span class=\"hiddenSpellError\">ICS<\/span>. Primaria Lleida<\/li>\r\n \t<li>Curso de Atenci\u00f3n a la *familia.\u00a0<span class=\"hiddenSpellError\">ICS<\/span>. Primaria Lleida.<\/li>\r\n \t<li>Curso de *Actividades\u00a0fundamentales de investigaci\u00f3n en un equipo de atenci\u00f3n primaria de salud.\u00a0<span class=\"hiddenSpellError\">ICS<\/span>. Primaria Lleida.<\/li>\r\n \t<li>Curso de Hepatitis *v\u00edricas. Curso acreditado por los ministerios de *Educaci\u00f3n y de *Sanidad.<\/li>\r\n \t<li>Curso de Hepatitis\u00a0<span class=\"hiddenSpellError\">B<\/span> en *atenci\u00f3n *primaria. Curso acreditado por los ministerios de *Educaci\u00f3n y de *Sanidad.<\/li>\r\n \t<li>Curso de *Comunicaci\u00f3n Cient\u00edfica *B\u00e1sica.*Consejo General de *Colegios *Oficiales de *M\u00e9dicos.<\/li>\r\n \t<li>Curso de reanimaci\u00f3n\u00a0<span class=\"hiddenSpellError\">cardiopulmonar<\/span>. Hospital Universitario\u00a0<span class=\"hiddenSpellError\">Arnau<\/span> de Vilanova.<\/li>\r\n \t<li>Curso de Atenci\u00f3n primaria, un modelo de servicio por el paciente.\u00a0<span class=\"hiddenSpellError\">ICS<\/span>. Primaria Lleida.<\/li>\r\n<\/ul><div class=\"item-footer clearfix\"><a title=\"Dr. Antoni Encinas Pi\u00f1ol\" href=\"https:\/\/traumare.com\/es\/doctors\/dr-antoni-encinas-pinol\/\" class=\"mc-button more light template-arrow-horizontal-1-after\">PROFILE<\/a><\/div><\/div><\/div>\n\t\t\t\t<\/div><li id=\"gallery-details-dr-jose-maria-cardona-vernet-2\" class=\"gallery-item-details clearfix\">\n\t\t\t\t\t<div class=\"vc_row wpb_row vc_row-fluid\">\n\t\t\t\t\t\t<div class=\"vc_col-sm-6 wpb_column vc_column_container\"><div class=\"gallery-box hover-icons-off\"><span class=\"mc-preloader\"><\/span>\n\t\t\t\t\t\t\t\t\t<img loading=\"lazy\" decoding=\"async\" width=\"480\" height=\"300\" src=\"https:\/\/traumare.com\/wp-content\/uploads\/2016\/02\/Equipo-medico-Traumare-Dr-Jose-Maria-Cardona-Vernet-traumatologo-lleida-480x300.jpg\" class=\"mc-preload wp-post-image\" alt=\"Dr. Jos\u00e9 Mar\u00eda Cardona Vernet\" title=\"\" \/>\n\t\t\t\t\t\t\t\t\t<ul class=\"controls\">\n\t\t\t\t\t\t\t\t\t\t<li>\n\t\t\t\t\t\t\t\t\t\t\t<a href=\"https:\/\/traumare.com\/wp-content\/uploads\/2016\/02\/Equipo-medico-Traumare-Dr-Jose-Maria-Cardona-Vernet-traumatologo-lleida.jpg\" class=\"template-plus-2 fancybox open-lightbox\" rel=\"featured-gallery\"><\/a>\n\t\t\t\t\t\t\t\t\t\t<\/li>\n\t\t\t\t\t\t\t\t\t<\/ul><div class=\"description\">\n\t\t\t\t\t\t\t\t\t\t<h3>Dr. Jos\u00e9 Mar\u00eda Cardona Vernet<\/h3>\n\t\t\t\t\t\t\t\t\t\t<h5>Traumat\u00f3logo<\/h5>\n\t\t\t\t\t\t\t\t\t<\/div><\/div><ul class=\"social-icons clearfix\"><li><a class=\"social-facebook\" href=\"https:\/\/www.facebook.com\/traumare\" target=\"_blank\" title=\"\">&nbsp;<\/a><\/li><li><a class=\"social-instagram\" href=\"https:\/\/www.instagram.com\/traumare_rhb\/\" target=\"_blank\" title=\"\">&nbsp;<\/a><\/li><\/ul><\/div>\n\t\t\t\t\t<div class=\"vc_col-sm-6 wpb_column vc_column_container\">\n\t\t\t\t\t\t<div class=\"details-box\"><ul class=\"controls\">\n\t\t\t\t\t\t\t\t\t<li>\n\t\t\t\t\t\t\t\t\t\t<a href=\"#\" class=\"prev template-arrow-horizontal-3\"><\/a>\n\t\t\t\t\t\t\t\t\t<\/li>\n\t\t\t\t\t\t\t\t\t<li>\n\t\t\t\t\t\t\t\t\t\t<a href=\"#\" class=\"next template-arrow-horizontal-3\"><\/a>\n\t\t\t\t\t\t\t\t\t<\/li>\n\t\t\t\t\t\t\t\t\t<li class=\"separator\">&nbsp;<\/li><li>\n\t\t\t\t\t\t\t\t\t\t<a href=\"#gallery-details-close\" class=\"close template-remove-1\"><\/a>\n\t\t\t\t\t\t\t\t\t<\/li>\n\t\t\t\t\t\t\t\t<\/ul><h2 class=\"box-header\"> Dr. Jos\u00e9 Mar\u00eda Cardona Vernet<\/h2><strong>Formaci\u00f3n<\/strong>\r\nLicenciado en Medicina<div class=\"item-footer clearfix\"><a title=\"Dr. Jos\u00e9 Mar\u00eda Cardona Vernet\" href=\"https:\/\/traumare.com\/es\/doctors\/dr-jose-maria-cardona-vernet-2\/\" class=\"mc-button more light template-arrow-horizontal-1-after\">PROFILE<\/a><\/div><\/div><\/div>\n\t\t\t\t<\/div><li id=\"gallery-details-espanol-dr-josep-manel-fernandez-armenteros\" class=\"gallery-item-details clearfix\">\n\t\t\t\t\t<div class=\"vc_row wpb_row vc_row-fluid\">\n\t\t\t\t\t\t<div class=\"vc_col-sm-6 wpb_column vc_column_container\"><div class=\"gallery-box hover-icons-off\"><span class=\"mc-preloader\"><\/span>\n\t\t\t\t\t\t\t\t\t<img loading=\"lazy\" decoding=\"async\" width=\"480\" height=\"300\" src=\"https:\/\/traumare.com\/wp-content\/uploads\/2020\/02\/Equipo-medico-Agen-Clinics-dermatologia-lleida-480x300.jpg\" class=\"mc-preload wp-post-image\" alt=\"Dr. Josep Manel Fern\u00e1ndez Armenteros\" title=\"\" \/>\n\t\t\t\t\t\t\t\t\t<ul class=\"controls\">\n\t\t\t\t\t\t\t\t\t\t<li>\n\t\t\t\t\t\t\t\t\t\t\t<a href=\"https:\/\/traumare.com\/wp-content\/uploads\/2020\/02\/Equipo-medico-Agen-Clinics-dermatologia-lleida.jpg\" class=\"template-plus-2 fancybox open-lightbox\" rel=\"featured-gallery\" title=\"test\"><\/a>\n\t\t\t\t\t\t\t\t\t\t<\/li>\n\t\t\t\t\t\t\t\t\t<\/ul><div class=\"description\">\n\t\t\t\t\t\t\t\t\t\t<h3>Dr. Josep Manel Fern\u00e1ndez Armenteros<\/h3>\n\t\t\t\t\t\t\t\t\t\t<h5>Dermat\u00f3logo<\/h5>\n\t\t\t\t\t\t\t\t\t<\/div><\/div><\/div>\n\t\t\t\t\t<div class=\"vc_col-sm-6 wpb_column vc_column_container\">\n\t\t\t\t\t\t<div class=\"details-box\"><ul class=\"controls\">\n\t\t\t\t\t\t\t\t\t<li>\n\t\t\t\t\t\t\t\t\t\t<a href=\"#\" class=\"prev template-arrow-horizontal-3\"><\/a>\n\t\t\t\t\t\t\t\t\t<\/li>\n\t\t\t\t\t\t\t\t\t<li>\n\t\t\t\t\t\t\t\t\t\t<a href=\"#\" class=\"next template-arrow-horizontal-3\"><\/a>\n\t\t\t\t\t\t\t\t\t<\/li>\n\t\t\t\t\t\t\t\t\t<li class=\"separator\">&nbsp;<\/li><li>\n\t\t\t\t\t\t\t\t\t\t<a href=\"#gallery-details-close\" class=\"close template-remove-1\"><\/a>\n\t\t\t\t\t\t\t\t\t<\/li>\n\t\t\t\t\t\t\t\t<\/ul><h2 class=\"box-header\"> Dr. Josep Manel Fern\u00e1ndez Armenteros<\/h2><strong>N\u00fam. colegiado: 25-4265<\/strong>\r\n<strong>Formaci\u00f3n:<\/strong>\r\n<ul>\r\n \t<li>Licenciado en medicina por la\u00a0Universidad\u00a0de Lleida (<span class=\"hiddenSpellError\">UdL<\/span>).<\/li>\r\n \t<li>Formaci\u00f3n MIR en el Hospital Universitario\u00a0<span class=\"hiddenSpellError\">Arnau<\/span> de Vilanova de Lleida.<\/li>\r\n \t<li>Especialista en Dermatolog\u00eda adjunto en el Hospital Universitario\u00a0<span class=\"hiddenSpellError\">Arnau<\/span> de Vilanova.<\/li>\r\n \t<li>Doctor en Psoriasis por la Universidad de Lleida.<\/li>\r\n \t<li>Responsable de la consulta monogr\u00e1fica de\u00a0Psoriasis\u00a0en el Hospital\u00a0Universitario\u00a0<span class=\"hiddenSpellError\">Arnau<\/span> de Vilanova de Lleida.<\/li>\r\n \t<li>Miembro del Grupo Fisiopatolog\u00eda Metab\u00f3lica del Instituto de Investigaci\u00f3n Biom\u00e9dica de Lleida (<span class=\"hiddenSpellError\">IRB<\/span>\u00a0Lleida).<\/li>\r\n<\/ul><div class=\"item-footer clearfix\"><a title=\"Dr. Josep Manel Fern\u00e1ndez Armenteros\" href=\"https:\/\/traumare.com\/es\/doctors\/espanol-dr-josep-manel-fernandez-armenteros\/\" class=\"mc-button more light template-arrow-horizontal-1-after\">PROFILE<\/a><\/div><\/div><\/div>\n\t\t\t\t<\/div><li id=\"gallery-details-dr-rafael-aguayo-ortiz\" class=\"gallery-item-details clearfix\">\n\t\t\t\t\t<div class=\"vc_row wpb_row vc_row-fluid\">\n\t\t\t\t\t\t<div class=\"vc_col-sm-6 wpb_column vc_column_container\"><div class=\"gallery-box hover-icons-off\"><span class=\"mc-preloader\"><\/span>\n\t\t\t\t\t\t\t\t\t<img loading=\"lazy\" decoding=\"async\" width=\"480\" height=\"300\" src=\"https:\/\/traumare.com\/wp-content\/uploads\/2020\/02\/Equipo-medico-Agen-Clinics-dermatologia-lleida-480x300.jpg\" class=\"mc-preload wp-post-image\" alt=\"Dr. Rafael Aguayo Ortiz\" title=\"\" \/>\n\t\t\t\t\t\t\t\t\t<ul class=\"controls\">\n\t\t\t\t\t\t\t\t\t\t<li>\n\t\t\t\t\t\t\t\t\t\t\t<a href=\"https:\/\/traumare.com\/wp-content\/uploads\/2020\/02\/Equipo-medico-Agen-Clinics-dermatologia-lleida.jpg\" class=\"template-plus-2 fancybox open-lightbox\" rel=\"featured-gallery\"><\/a>\n\t\t\t\t\t\t\t\t\t\t<\/li>\n\t\t\t\t\t\t\t\t\t<\/ul><div class=\"description\">\n\t\t\t\t\t\t\t\t\t\t<h3>Dr. Rafael Aguayo Ortiz<\/h3>\n\t\t\t\t\t\t\t\t\t\t<h5>Dermat\u00f3logo<\/h5>\n\t\t\t\t\t\t\t\t\t<\/div><\/div><\/div>\n\t\t\t\t\t<div class=\"vc_col-sm-6 wpb_column vc_column_container\">\n\t\t\t\t\t\t<div class=\"details-box\"><ul class=\"controls\">\n\t\t\t\t\t\t\t\t\t<li>\n\t\t\t\t\t\t\t\t\t\t<a href=\"#\" class=\"prev template-arrow-horizontal-3\"><\/a>\n\t\t\t\t\t\t\t\t\t<\/li>\n\t\t\t\t\t\t\t\t\t<li>\n\t\t\t\t\t\t\t\t\t\t<a href=\"#\" class=\"next template-arrow-horizontal-3\"><\/a>\n\t\t\t\t\t\t\t\t\t<\/li>\n\t\t\t\t\t\t\t\t\t<li class=\"separator\">&nbsp;<\/li><li>\n\t\t\t\t\t\t\t\t\t\t<a href=\"#gallery-details-close\" class=\"close template-remove-1\"><\/a>\n\t\t\t\t\t\t\t\t\t<\/li>\n\t\t\t\t\t\t\t\t<\/ul><h2 class=\"box-header\"> Dr. Rafael Aguayo Ortiz<\/h2><strong>N\u00fam. colegiado:<\/strong> 25-4655\r\n<strong>Formaci\u00f3n:<\/strong>\r\n<ul>\r\n \t<li>Licenciado en medicina por la Univeristat de Lleida (UdL).<\/li>\r\n \t<li>Formaci\u00f3n MIR en el Hospital Universitari Arnau de Vilanova de Lleida.<\/li>\r\n \t<li>Especialista en Dermatolog\u00eda adjunto en el Hospital Universitari Arnau de Vilanova.<\/li>\r\n \t<li>Doctor <em>cum laude<\/em> en c\u00e1ncer cut\u00e1neo por la\u00a0Universitat de Lleida, premio extraordinario de doctorado en medicina y cirurg\u00eda.<\/li>\r\n \t<li>Miembro del Grup Cicle Cel\u00b7lular del Institut de Recerca Biom\u00e8dica de Lleida (IRB Lleida).<\/li>\r\n \t<li>Responsable de las consultas de c\u00e1ncer cut\u00e1neo no melanoma y de hidradenitis supurativa en el Servicio de Dermatolog\u00eda del ICS en Lleida.<\/li>\r\n<\/ul><div class=\"item-footer clearfix\"><a title=\"Dr. Rafael Aguayo Ortiz\" href=\"https:\/\/traumare.com\/es\/doctors\/dr-rafael-aguayo-ortiz\/\" class=\"mc-button more light template-arrow-horizontal-1-after\">PROFILE<\/a><\/div><\/div><\/div>\n\t\t\t\t<\/div><li id=\"gallery-details-isabel-loizu\" class=\"gallery-item-details clearfix\">\n\t\t\t\t\t<div class=\"vc_row wpb_row vc_row-fluid\">\n\t\t\t\t\t\t<div class=\"vc_col-sm-6 wpb_column vc_column_container\"><div class=\"gallery-box hover-icons-off\"><span class=\"mc-preloader\"><\/span>\n\t\t\t\t\t\t\t\t\t<img loading=\"lazy\" decoding=\"async\" width=\"480\" height=\"300\" src=\"https:\/\/traumare.com\/wp-content\/uploads\/2016\/01\/Equipo-medico-Traumare-Isabel-Loizu-acupuntura-lleida-480x300.jpg\" class=\"mc-preload wp-post-image\" alt=\"Isabel Loizu\" title=\"\" \/>\n\t\t\t\t\t\t\t\t\t<ul class=\"controls\">\n\t\t\t\t\t\t\t\t\t\t<li>\n\t\t\t\t\t\t\t\t\t\t\t<a href=\"http:\/\/www.acupunturalleida.com\/\" class=\"template-plus-2 fancybox-url open-url-lightbox\" rel=\"featured-gallery\"><\/a>\n\t\t\t\t\t\t\t\t\t\t<\/li>\n\t\t\t\t\t\t\t\t\t<\/ul><div class=\"description\">\n\t\t\t\t\t\t\t\t\t\t<h3>Isabel Loizu<\/h3>\n\t\t\t\t\t\t\t\t\t\t<h5>Acupuntora<\/h5>\n\t\t\t\t\t\t\t\t\t<\/div><\/div><ul class=\"social-icons clearfix\"><li><a class=\"social-facebook\" href=\"https:\/\/www.facebook.com\/Isabel-Loizu-Mart%C3%AD-221160621229945\/?fref=ts\" target=\"_blank\" title=\"\">&nbsp;<\/a><\/li><li><a class=\"social-instagram\" href=\"https:\/\/www.instagram.com\/traumare_rhb\/\" target=\"_blank\" title=\"\">&nbsp;<\/a><\/li><\/ul><\/div>\n\t\t\t\t\t<div class=\"vc_col-sm-6 wpb_column vc_column_container\">\n\t\t\t\t\t\t<div class=\"details-box\"><ul class=\"controls\">\n\t\t\t\t\t\t\t\t\t<li>\n\t\t\t\t\t\t\t\t\t\t<a href=\"#\" class=\"prev template-arrow-horizontal-3\"><\/a>\n\t\t\t\t\t\t\t\t\t<\/li>\n\t\t\t\t\t\t\t\t\t<li>\n\t\t\t\t\t\t\t\t\t\t<a href=\"#\" class=\"next template-arrow-horizontal-3\"><\/a>\n\t\t\t\t\t\t\t\t\t<\/li>\n\t\t\t\t\t\t\t\t\t<li class=\"separator\">&nbsp;<\/li><li>\n\t\t\t\t\t\t\t\t\t\t<a href=\"#gallery-details-close\" class=\"close template-remove-1\"><\/a>\n\t\t\t\t\t\t\t\t\t<\/li>\n\t\t\t\t\t\t\t\t<\/ul><h2 class=\"box-header\"> Isabel Loizu<\/h2><strong>N\u00fam. colegiado: 2755<\/strong>\r\n<strong>Formaci\u00f3n:<\/strong>\r\n<ul>\r\n \t<li>Enfermera diplomada por la Universidad de Lleida.<\/li>\r\n \t<li>T\u00e9cnico en acupuntura por la Universidad de Zaragoza.<\/li>\r\n<\/ul>\r\n<em>Me apasiona la educaci\u00f3n sanitaria y en especial el uso de la acupuntura para mejorar la salud de los usuarios que sufren alg\u00fan tipo de desorden funcional. Participo activamente en seminarios, jornadas y estudios relacionados con mi actividad profesional: tratamiento del dolor, para estar a la vanguardia.<\/em>\r\n\r\n<span style=\"color: #a0a048;\"><a style=\"color: #a0a048;\" href=\"http:\/\/www.acupunturalleida.com\/\">www.acupunturalleida.com<\/a><\/span><div class=\"item-footer clearfix\"><a title=\"Isabel Loizu\" href=\"https:\/\/traumare.com\/es\/doctors\/isabel-loizu\/\" class=\"mc-button more light template-arrow-horizontal-1-after\">PROFILE<\/a><\/div><\/div><\/div>\n\t\t\t\t<\/div><li id=\"gallery-details-marc-gonzalez-franque\" class=\"gallery-item-details clearfix\">\n\t\t\t\t\t<div class=\"vc_row wpb_row vc_row-fluid\">\n\t\t\t\t\t\t<div class=\"vc_col-sm-6 wpb_column vc_column_container\"><div class=\"gallery-box hover-icons-off\"><span class=\"mc-preloader\"><\/span>\n\t\t\t\t\t\t\t\t\t<img loading=\"lazy\" decoding=\"async\" width=\"480\" height=\"360\" src=\"https:\/\/traumare.com\/wp-content\/uploads\/2023\/01\/MARC-GONZALEZ-traumare-1.jpg\" class=\"mc-preload wp-post-image\" alt=\"Marc Gonzalez Franqu\u00e9\" title=\"\" srcset=\"https:\/\/traumare.com\/wp-content\/uploads\/2023\/01\/MARC-GONZALEZ-traumare-1.jpg 480w, https:\/\/traumare.com\/wp-content\/uploads\/2023\/01\/MARC-GONZALEZ-traumare-1-300x225.jpg 300w\" sizes=\"(max-width: 480px) 100vw, 480px\" \/>\n\t\t\t\t\t\t\t\t\t<ul class=\"controls\">\n\t\t\t\t\t\t\t\t\t\t<li>\n\t\t\t\t\t\t\t\t\t\t\t<a href=\"https:\/\/traumare.com\/wp-content\/uploads\/2023\/01\/MARC-GONZALEZ-traumare-1.jpg\" class=\"template-plus-2 fancybox open-lightbox\" rel=\"featured-gallery\"><\/a>\n\t\t\t\t\t\t\t\t\t\t<\/li>\n\t\t\t\t\t\t\t\t\t<\/ul><div class=\"description\">\n\t\t\t\t\t\t\t\t\t\t<h3>Marc Gonzalez Franqu\u00e9<\/h3>\n\t\t\t\t\t\t\t\t\t\t<h5>Fisioterapeuta<\/h5>\n\t\t\t\t\t\t\t\t\t<\/div><\/div><ul class=\"social-icons clearfix\"><li><a class=\"social-facebook\" href=\"https:\/\/www.facebook.com\/traumare\/\" title=\"\">&nbsp;<\/a><\/li><li><a class=\"social-instagram\" href=\"https:\/\/www.instagram.com\/traumare_rhb\/\" title=\"\">&nbsp;<\/a><\/li><\/ul><\/div>\n\t\t\t\t\t<div class=\"vc_col-sm-6 wpb_column vc_column_container\">\n\t\t\t\t\t\t<div class=\"details-box\"><ul class=\"controls\">\n\t\t\t\t\t\t\t\t\t<li>\n\t\t\t\t\t\t\t\t\t\t<a href=\"#\" class=\"prev template-arrow-horizontal-3\"><\/a>\n\t\t\t\t\t\t\t\t\t<\/li>\n\t\t\t\t\t\t\t\t\t<li>\n\t\t\t\t\t\t\t\t\t\t<a href=\"#\" class=\"next template-arrow-horizontal-3\"><\/a>\n\t\t\t\t\t\t\t\t\t<\/li>\n\t\t\t\t\t\t\t\t\t<li class=\"separator\">&nbsp;<\/li><li>\n\t\t\t\t\t\t\t\t\t\t<a href=\"#gallery-details-close\" class=\"close template-remove-1\"><\/a>\n\t\t\t\t\t\t\t\t\t<\/li>\n\t\t\t\t\t\t\t\t<\/ul><h2 class=\"box-header\"> Marc Gonzalez Franqu\u00e9<\/h2><strong>N\u00fam colegiado: 16275<\/strong>\r\n<strong>Formaci\u00f3n:<\/strong>\r\n<ul>\r\n \t<li>Graduado en Fisioterapia en la Universitat de Lleida.<\/li>\r\n \t<li>Graduado en Ciencias de la Actividad F\u00edsica y el Deporte en el Instituto Nacional de Educaci\u00f3n F\u00edsica de Catalu\u00f1a.<\/li>\r\n \t<li>Formaci\u00f3n en la especialidad de punci\u00f3n seca.<\/li>\r\n \t<li>Formaci\u00f3n en el s\u00edndrome de dolor miofascial: Tratamiento conservador e invasivo de los puntos gatillo miofasciales.<\/li>\r\n<\/ul>\r\nExperto en el ejercicio terap\u00e9utico y reeducaci\u00f3n funcional deportiva y en el diagn\u00f3stico y tratamiento de la articulaci\u00f3n temporomandibular.<div class=\"item-footer clearfix\"><a title=\"Marc Gonzalez Franqu\u00e9\" href=\"https:\/\/traumare.com\/es\/doctors\/marc-gonzalez-franque\/\" class=\"mc-button more light template-arrow-horizontal-1-after\">PROFILE<\/a><\/div><\/div><\/div>\n\t\t\t\t<\/div><li id=\"gallery-details-maria-gil\" class=\"gallery-item-details clearfix\">\n\t\t\t\t\t<div class=\"vc_row wpb_row vc_row-fluid\">\n\t\t\t\t\t\t<div class=\"vc_col-sm-6 wpb_column vc_column_container\"><div class=\"gallery-box hover-icons-off\"><span class=\"mc-preloader\"><\/span>\n\t\t\t\t\t\t\t\t\t<img loading=\"lazy\" decoding=\"async\" width=\"480\" height=\"300\" src=\"https:\/\/traumare.com\/wp-content\/uploads\/2015\/12\/Equipo-medico-Traumare-Maria-Gil-nutricion-lleida-480x300.jpg\" class=\"mc-preload wp-post-image\" alt=\"Maria Gil\" title=\"\" \/>\n\t\t\t\t\t\t\t\t\t<ul class=\"controls\">\n\t\t\t\t\t\t\t\t\t\t<li>\n\t\t\t\t\t\t\t\t\t\t\t<a href=\"http:\/\/www.mariagilnutricionista.com\" class=\"template-plus-2 fancybox-url open-url-lightbox\" rel=\"featured-gallery\"><\/a>\n\t\t\t\t\t\t\t\t\t\t<\/li>\n\t\t\t\t\t\t\t\t\t<\/ul><div class=\"description\">\n\t\t\t\t\t\t\t\t\t\t<h3>Maria Gil<\/h3>\n\t\t\t\t\t\t\t\t\t\t<h5>Nutricionista Cl\u00ednica y Deportiva<\/h5>\n\t\t\t\t\t\t\t\t\t<\/div><\/div><ul class=\"social-icons clearfix\"><li><a class=\"social-facebook\" href=\"https:\/\/www.facebook.com\/mariagilnutricionista\/\" target=\"_blank\" title=\"\">&nbsp;<\/a><\/li><li><a class=\"social-twitter\" href=\"https:\/\/twitter.com\/mariagil_dn\" target=\"_blank\" title=\"\">&nbsp;<\/a><\/li><li><a class=\"social-instagram\" href=\"https:\/\/www.instagram.com\/mariagil_nutritionist\/\" target=\"_blank\" title=\"\">&nbsp;<\/a><\/li><li><a class=\"social-youtube\" href=\"https:\/\/www.youtube.com\/channel\/UCnWDRRKhtF4Kx2oi5uefAMw\" target=\"_blank\" title=\"\">&nbsp;<\/a><\/li><\/ul><\/div>\n\t\t\t\t\t<div class=\"vc_col-sm-6 wpb_column vc_column_container\">\n\t\t\t\t\t\t<div class=\"details-box\"><ul class=\"controls\">\n\t\t\t\t\t\t\t\t\t<li>\n\t\t\t\t\t\t\t\t\t\t<a href=\"#\" class=\"prev template-arrow-horizontal-3\"><\/a>\n\t\t\t\t\t\t\t\t\t<\/li>\n\t\t\t\t\t\t\t\t\t<li>\n\t\t\t\t\t\t\t\t\t\t<a href=\"#\" class=\"next template-arrow-horizontal-3\"><\/a>\n\t\t\t\t\t\t\t\t\t<\/li>\n\t\t\t\t\t\t\t\t\t<li class=\"separator\">&nbsp;<\/li><li>\n\t\t\t\t\t\t\t\t\t\t<a href=\"#gallery-details-close\" class=\"close template-remove-1\"><\/a>\n\t\t\t\t\t\t\t\t\t<\/li>\n\t\t\t\t\t\t\t\t<\/ul><h2 class=\"box-header\"> Maria Gil<\/h2><strong>N\u00fam. colegiado: CAT0558<\/strong>\r\n<strong>Formaci\u00f3n:<\/strong>\r\n<ul>\r\n \t<li>Diplomada en Nutrici\u00f3n Humana y Diet\u00e9tica por la Universidad de Lleida (UdL).<\/li>\r\n \t<li>Postgrado Universitario en Obesidad y Trastornos de la Conducta Alimentaria por la Universidad Aut\u00f3noma de Barcelona (UAB).<\/li>\r\n \t<li>Postgrado Universitario en Farmacolog\u00eda, Nutrici\u00f3n y Suplementaci\u00f3n en el Deporte por la Universidad de Barcelona (UB).<\/li>\r\n \t<li>Postgrado Universitario en Nutrici\u00f3n y Diet\u00e9tica aplicada a la Actividad F\u00edsica y Deporte del Colegio de Dietistas-Nutricionistas acreditado por el Consejo Catal\u00e1n de Formaci\u00f3n Continuada de las Profesiones Sanitarias (CCFCPS).<\/li>\r\n \t<li>Antropometrista ISAK Level I.<\/li>\r\n<\/ul>\r\n<strong>Asociaciones<\/strong>\r\nFormo parte de la Agrupaci\u00f3n Dietistas-Nutricionistas Especializados en Deporte de Catalu\u00f1a (ADNEEC), y del Colegio de Dietistas Nutricionistas de Catalu\u00f1a.\r\n\r\n<span style=\"color: #9ea035;\"><a style=\"color: #9ea035;\" href=\"http:\/\/www.mariagilnutricionista.com\/\" target=\"_blank\" rel=\"noopener noreferrer\"><strong>www.mariagilnutricionista.com<\/strong><\/a><\/span><div class=\"item-footer clearfix\"><a title=\"Maria Gil\" href=\"https:\/\/traumare.com\/es\/doctors\/maria-gil\/\" class=\"mc-button more light template-arrow-horizontal-1-after\">PROFILE<\/a><\/div><\/div><\/div>\n\t\t\t\t<\/div><li id=\"gallery-details-mikaela-ivaniva-gugova\" class=\"gallery-item-details clearfix\">\n\t\t\t\t\t<div class=\"vc_row wpb_row vc_row-fluid\">\n\t\t\t\t\t\t<div class=\"vc_col-sm-6 wpb_column vc_column_container\"><div class=\"gallery-box hover-icons-off\"><span class=\"mc-preloader\"><\/span>\n\t\t\t\t\t\t\t\t\t<img loading=\"lazy\" decoding=\"async\" width=\"480\" height=\"300\" src=\"https:\/\/traumare.com\/wp-content\/uploads\/2019\/01\/Equipo-medico-Traumare-Mikaela-Ivaniva-lleida-fisioterapia-480x300.jpg\" class=\"mc-preload wp-post-image\" alt=\"Mikaela Ivaniva Gugova\" title=\"\" \/>\n\t\t\t\t\t\t\t\t\t<ul class=\"controls\">\n\t\t\t\t\t\t\t\t\t\t<li>\n\t\t\t\t\t\t\t\t\t\t\t<a href=\"https:\/\/traumare.com\/wp-content\/uploads\/2019\/01\/Equipo-medico-Traumare-Mikaela-Ivaniva-lleida-fisioterapia.jpg\" class=\"template-plus-2 fancybox open-lightbox\" rel=\"featured-gallery\" title=\"http:\/\/traumare.com\/wp-content\/uploads\/2015\/12\/05179b63-55d5-48c2-8303-1551743d6322.jpeg\"><\/a>\n\t\t\t\t\t\t\t\t\t\t<\/li>\n\t\t\t\t\t\t\t\t\t<\/ul><div class=\"description\">\n\t\t\t\t\t\t\t\t\t\t<h3>Mikaela Ivaniva Gugova<\/h3>\n\t\t\t\t\t\t\t\t\t\t<h5>Fisioterapeuta<\/h5>\n\t\t\t\t\t\t\t\t\t<\/div><\/div><ul class=\"social-icons clearfix\"><li><a class=\"social-facebook\" href=\"https:\/\/www.facebook.com\/traumare\/\" title=\"\">&nbsp;<\/a><\/li><li><a class=\"social-instagram\" href=\"https:\/\/www.instagram.com\/traumare_rhb\/\" target=\"_blank\" title=\"\">&nbsp;<\/a><\/li><\/ul><\/div>\n\t\t\t\t\t<div class=\"vc_col-sm-6 wpb_column vc_column_container\">\n\t\t\t\t\t\t<div class=\"details-box\"><ul class=\"controls\">\n\t\t\t\t\t\t\t\t\t<li>\n\t\t\t\t\t\t\t\t\t\t<a href=\"#\" class=\"prev template-arrow-horizontal-3\"><\/a>\n\t\t\t\t\t\t\t\t\t<\/li>\n\t\t\t\t\t\t\t\t\t<li>\n\t\t\t\t\t\t\t\t\t\t<a href=\"#\" class=\"next template-arrow-horizontal-3\"><\/a>\n\t\t\t\t\t\t\t\t\t<\/li>\n\t\t\t\t\t\t\t\t\t<li class=\"separator\">&nbsp;<\/li><li>\n\t\t\t\t\t\t\t\t\t\t<a href=\"#gallery-details-close\" class=\"close template-remove-1\"><\/a>\n\t\t\t\t\t\t\t\t\t<\/li>\n\t\t\t\t\t\t\t\t<\/ul><h2 class=\"box-header\"> Mikaela Ivaniva Gugova<\/h2><strong>N\u00fam. colegiado: 13607<\/strong>\r\n<strong>Formaci\u00f3n:<\/strong>\r\n<ul>\r\n \t<li>Graduada en Fisioterapia por la Universidad de Lleida.<\/li>\r\n \t<li>Curso de especializaci\u00f3n en Punci\u00f3n Seca: S\u00edndrome de dolor miofascial de Travell &amp; Simons.<\/li>\r\n \t<li>Curso de vendaje neuromuscular (Kinesiotape).<\/li>\r\n \t<li>Curso de neurodinamia en la pr\u00e1ctica cl\u00ednica.<\/li>\r\n \t<li>Curso de fisioterapia respiratoria en enfermedad obstructiva. Avaluaci\u00f3n y tratamiento.<\/li>\r\n<\/ul><div class=\"item-footer clearfix\"><a title=\"Mikaela Ivaniva Gugova\" href=\"https:\/\/traumare.com\/es\/doctors\/mikaela-ivaniva-gugova\/\" class=\"mc-button more light template-arrow-horizontal-1-after\">PROFILE<\/a><\/div><\/div><\/div>\n\t\t\t\t<\/div><li id=\"gallery-details-naomi-roque-pelaez\" class=\"gallery-item-details clearfix\">\n\t\t\t\t\t<div class=\"vc_row wpb_row vc_row-fluid\">\n\t\t\t\t\t\t<div class=\"vc_col-sm-6 wpb_column vc_column_container\"><div class=\"gallery-box hover-icons-off\"><span class=\"mc-preloader\"><\/span>\n\t\t\t\t\t\t\t\t\t<img loading=\"lazy\" decoding=\"async\" width=\"480\" height=\"300\" src=\"https:\/\/traumare.com\/wp-content\/uploads\/2019\/01\/Equipo-medico-Traumare-Naomi-Roque-fisioterapia_lleida-480x300.jpg\" class=\"mc-preload wp-post-image\" alt=\"Naomi Roque Pel\u00e1ez\" title=\"\" \/>\n\t\t\t\t\t\t\t\t\t<ul class=\"controls\">\n\t\t\t\t\t\t\t\t\t\t<li>\n\t\t\t\t\t\t\t\t\t\t\t<a href=\"https:\/\/traumare.com\/wp-content\/uploads\/2019\/01\/Equipo-medico-Traumare-Naomi-Roque-fisioterapia_lleida.jpg\" class=\"template-plus-2 fancybox open-lightbox\" rel=\"featured-gallery\"><\/a>\n\t\t\t\t\t\t\t\t\t\t<\/li>\n\t\t\t\t\t\t\t\t\t<\/ul><div class=\"description\">\n\t\t\t\t\t\t\t\t\t\t<h3>Naomi Roque Pel\u00e1ez<\/h3>\n\t\t\t\t\t\t\t\t\t\t<h5>Fisioterapeuta<\/h5>\n\t\t\t\t\t\t\t\t\t<\/div><\/div><ul class=\"social-icons clearfix\"><li><a class=\"social-facebook\" href=\"https:\/\/www.facebook.com\/traumare\/\" title=\"\">&nbsp;<\/a><\/li><li><a class=\"social-instagram\" href=\"https:\/\/www.instagram.com\/traumare_rhb\/\" target=\"_blank\" title=\"\">&nbsp;<\/a><\/li><\/ul><\/div>\n\t\t\t\t\t<div class=\"vc_col-sm-6 wpb_column vc_column_container\">\n\t\t\t\t\t\t<div class=\"details-box\"><ul class=\"controls\">\n\t\t\t\t\t\t\t\t\t<li>\n\t\t\t\t\t\t\t\t\t\t<a href=\"#\" class=\"prev template-arrow-horizontal-3\"><\/a>\n\t\t\t\t\t\t\t\t\t<\/li>\n\t\t\t\t\t\t\t\t\t<li>\n\t\t\t\t\t\t\t\t\t\t<a href=\"#\" class=\"next template-arrow-horizontal-3\"><\/a>\n\t\t\t\t\t\t\t\t\t<\/li>\n\t\t\t\t\t\t\t\t\t<li class=\"separator\">&nbsp;<\/li><li>\n\t\t\t\t\t\t\t\t\t\t<a href=\"#gallery-details-close\" class=\"close template-remove-1\"><\/a>\n\t\t\t\t\t\t\t\t\t<\/li>\n\t\t\t\t\t\t\t\t<\/ul><h2 class=\"box-header\"> Naomi Roque Pel\u00e1ez<\/h2><strong>N\u00fam. colegiado: 11828<\/strong>\r\n<strong>Formaci\u00f3n:<\/strong>\r\n<ul>\r\n \t<li>Graduada en Fisioterapia con menci\u00f3n en Geriatr\u00eda en la Universidad de Lleida.<\/li>\r\n \t<li>Formaci\u00f3n en Vendaje Neuromuscular o Kinesiotaping.<\/li>\r\n \t<li>Formaci\u00f3n en Fibrolisis Instrumental Miofacial(Ganchos).<\/li>\r\n \t<li>Formaci\u00f3n en Ejercicio Terap\u00e9utico en Geriatr\u00eda basado en la Evidencia.<\/li>\r\n \t<li>Formaci\u00f3n en Escuela de Espalda (Ejercicio Terap\u00e9utico, Pilates Funcional e Hipopresivos)<\/li>\r\n<\/ul><div class=\"item-footer clearfix\"><a title=\"Naomi Roque Pel\u00e1ez\" href=\"https:\/\/traumare.com\/es\/doctors\/naomi-roque-pelaez\/\" class=\"mc-button more light template-arrow-horizontal-1-after\">PROFILE<\/a><\/div><\/div><\/div>\n\t\t\t\t<\/div><li id=\"gallery-details-oscar-corbella-granados\" class=\"gallery-item-details clearfix\">\n\t\t\t\t\t<div class=\"vc_row wpb_row vc_row-fluid\">\n\t\t\t\t\t\t<div class=\"vc_col-sm-6 wpb_column vc_column_container\"><div class=\"gallery-box hover-icons-off\"><span class=\"mc-preloader\"><\/span>\n\t\t\t\t\t\t\t\t\t<img loading=\"lazy\" decoding=\"async\" width=\"480\" height=\"300\" src=\"https:\/\/traumare.com\/wp-content\/uploads\/2016\/03\/Equipo-medico-Traumare-Oscar-Corbella-Psicologia-lleida-480x300.jpg\" class=\"mc-preload wp-post-image\" alt=\"\u00d2scar Corbella Granados\" title=\"\" \/>\n\t\t\t\t\t\t\t\t\t<ul class=\"controls\">\n\t\t\t\t\t\t\t\t\t\t<li>\n\t\t\t\t\t\t\t\t\t\t\t<a href=\"http:\/\/www.sanament.com\" class=\"template-plus-2 fancybox-url open-url-lightbox\" rel=\"featured-gallery\"><\/a>\n\t\t\t\t\t\t\t\t\t\t<\/li>\n\t\t\t\t\t\t\t\t\t<\/ul><div class=\"description\">\n\t\t\t\t\t\t\t\t\t\t<h3>\u00d2scar Corbella Granados<\/h3>\n\t\t\t\t\t\t\t\t\t\t<h5>Psic\u00f3logo<\/h5>\n\t\t\t\t\t\t\t\t\t<\/div><\/div><ul class=\"social-icons clearfix\"><li><a class=\"social-facebook\" href=\"https:\/\/www.facebook.com\/traumare\" target=\"_blank\" title=\"\">&nbsp;<\/a><\/li><li><a class=\"social-instagram\" href=\"https:\/\/www.instagram.com\/traumare_rhb\/\" target=\"_blank\" title=\"\">&nbsp;<\/a><\/li><\/ul><\/div>\n\t\t\t\t\t<div class=\"vc_col-sm-6 wpb_column vc_column_container\">\n\t\t\t\t\t\t<div class=\"details-box\"><ul class=\"controls\">\n\t\t\t\t\t\t\t\t\t<li>\n\t\t\t\t\t\t\t\t\t\t<a href=\"#\" class=\"prev template-arrow-horizontal-3\"><\/a>\n\t\t\t\t\t\t\t\t\t<\/li>\n\t\t\t\t\t\t\t\t\t<li>\n\t\t\t\t\t\t\t\t\t\t<a href=\"#\" class=\"next template-arrow-horizontal-3\"><\/a>\n\t\t\t\t\t\t\t\t\t<\/li>\n\t\t\t\t\t\t\t\t\t<li class=\"separator\">&nbsp;<\/li><li>\n\t\t\t\t\t\t\t\t\t\t<a href=\"#gallery-details-close\" class=\"close template-remove-1\"><\/a>\n\t\t\t\t\t\t\t\t\t<\/li>\n\t\t\t\t\t\t\t\t<\/ul><h2 class=\"box-header\"> \u00d2scar Corbella Granados<\/h2><strong>N\u00fam. colegiado: 21986<\/strong>\r\n<strong>Formaci\u00f3n:<\/strong>\r\n<ul>\r\n \t<li>Licenciado en Psicolog\u00eda Cl\u00ednica y de la Salud por la Universitat Oberta de Catalu\u00f1a.<\/li>\r\n \t<li>Diplomado en Educaci\u00f3n Social por la Universidad de Lleida<\/li>\r\n \t<li>Postgrado en intervenci\u00f3n multidisciplinar de los diferentes trastornos emocionales por la Universidad de Valencia.<\/li>\r\n \t<li>Master en tratamiento multidisciplinar de los trastornos alimentarios, trastornos emocionales y trastornos de personalidad por la fundaci\u00f3n \"ADEIT\" de la Universidad de Valencia.<\/li>\r\n<\/ul>\r\n<strong>Otra formaci\u00f3n:<\/strong>\r\n<ul>\r\n \t<li>Resoluci\u00f3n de conflictos: Mediaci\u00f3n-gesti\u00f3n del conflictivo.<\/li>\r\n \t<li>Drogodependencias.<\/li>\r\n \t<li>Promoci\u00f3n de la salud y habilidades para la vida Inteligencias m\u00faltiples.<\/li>\r\n \t<li>Factores de resiliencia.<\/li>\r\n \t<li>Trastornos de conducta en adolescentes.<\/li>\r\n \t<li>Trastornos de conducta en adultos con disminuci\u00f3n mental.<\/li>\r\n \t<li>Transgresi\u00f3n en la adolescencia.<\/li>\r\n<\/ul>\r\n<strong>Asociaciones:<\/strong>\r\nActualmente mantengo relaci\u00f3n laboral con la Asociaci\u00f3n PROSEC\u00a0de Lleida.\r\nColaboro con la Asociaci\u00f3n de S\u00edndrome de Asperger de Lleida.\r\n\r\n<span style=\"color: #9fa43c;\"><strong><a style=\"color: #9fa43c;\" href=\"http:\/\/www.sanament.com\/\">www.sanament.com<\/a><\/strong><\/span><div class=\"item-footer clearfix\"><a title=\"\u00d2scar Corbella Granados\" href=\"https:\/\/traumare.com\/es\/doctors\/oscar-corbella-granados\/\" class=\"mc-button more light template-arrow-horizontal-1-after\">PROFILE<\/a><\/div><\/div><\/div>\n\t\t\t\t<\/div><li id=\"gallery-details-sandra-godia-gonzalez\" class=\"gallery-item-details clearfix\">\n\t\t\t\t\t<div class=\"vc_row wpb_row vc_row-fluid\">\n\t\t\t\t\t\t<div class=\"vc_col-sm-6 wpb_column vc_column_container\"><div class=\"gallery-box hover-icons-off\"><span class=\"mc-preloader\"><\/span>\n\t\t\t\t\t\t\t\t\t<img loading=\"lazy\" decoding=\"async\" width=\"480\" height=\"300\" src=\"https:\/\/traumare.com\/wp-content\/uploads\/2016\/01\/Equipo-medico-Traumare-Sandra-Godia-fisioterapia-rehabilitacio-lleida-480x300.jpg\" class=\"mc-preload wp-post-image\" alt=\"Sandra Godia Gonz\u00e1lez\" title=\"\" \/>\n\t\t\t\t\t\t\t\t\t<ul class=\"controls\">\n\t\t\t\t\t\t\t\t\t\t<li>\n\t\t\t\t\t\t\t\t\t\t\t<a href=\"https:\/\/traumare.com\/wp-content\/uploads\/2016\/01\/Equipo-medico-Traumare-Sandra-Godia-fisioterapia-rehabilitacio-lleida.jpg\" class=\"template-plus-2 fancybox open-lightbox\" rel=\"featured-gallery\"><\/a>\n\t\t\t\t\t\t\t\t\t\t<\/li>\n\t\t\t\t\t\t\t\t\t<\/ul><div class=\"description\">\n\t\t\t\t\t\t\t\t\t\t<h3>Sandra Godia Gonz\u00e1lez<\/h3>\n\t\t\t\t\t\t\t\t\t\t<h5>Fisioterapeuta<\/h5>\n\t\t\t\t\t\t\t\t\t<\/div><\/div><ul class=\"social-icons clearfix\"><li><a class=\"social-facebook\" href=\"https:\/\/www.facebook.com\/traumare\" target=\"_blank\" title=\"\">&nbsp;<\/a><\/li><li><a class=\"social-linkedin\" href=\"https:\/\/www.linkedin.com\/in\/sandra-godia-43390666\/\" title=\"\">&nbsp;<\/a><\/li><li><a class=\"social-instagram\" href=\"https:\/\/www.instagram.com\/traumare_rhb\/\" target=\"_blank\" title=\"\">&nbsp;<\/a><\/li><\/ul><\/div>\n\t\t\t\t\t<div class=\"vc_col-sm-6 wpb_column vc_column_container\">\n\t\t\t\t\t\t<div class=\"details-box\"><ul class=\"controls\">\n\t\t\t\t\t\t\t\t\t<li>\n\t\t\t\t\t\t\t\t\t\t<a href=\"#\" class=\"prev template-arrow-horizontal-3\"><\/a>\n\t\t\t\t\t\t\t\t\t<\/li>\n\t\t\t\t\t\t\t\t\t<li>\n\t\t\t\t\t\t\t\t\t\t<a href=\"#\" class=\"next template-arrow-horizontal-3\"><\/a>\n\t\t\t\t\t\t\t\t\t<\/li>\n\t\t\t\t\t\t\t\t\t<li class=\"separator\">&nbsp;<\/li><li>\n\t\t\t\t\t\t\t\t\t\t<a href=\"#gallery-details-close\" class=\"close template-remove-1\"><\/a>\n\t\t\t\t\t\t\t\t\t<\/li>\n\t\t\t\t\t\t\t\t<\/ul><h2 class=\"box-header\"> Sandra Godia Gonz\u00e1lez<\/h2><strong>N\u00fam. colegiado: 10406<\/strong>\r\n<strong>Formaci\u00f3n:<\/strong>\r\n\r\nM\u00e1ster Universitario en Fisioterapia del Deporte y Readaptaci\u00f3n a la Actividad F\u00edsica para la Escuela Universitaria Gimbernat y Tom\u00e0s Cerd\u00e0 (EUG).\r\nCurso Experto en M\u00e9todo Pilates para la Salud y la Actividad F\u00edsica para Fisioterapeutas por la Universidad Internacional de La Rioja (UNIR).\r\nCurso intensivo de Osteopat\u00eda Estructural por la Escuela Internacional de Terapia F\u00edsica.\r\nCurso de diagn\u00f3stico y tratamiento de la ATM (Articulaci\u00f3n Temporo-Mandibular) y la relaci\u00f3n mandibular-occipito-oclusal por el Instituto Omphis.\r\n\r\nEspecialista en el \u00e1mbito deportivo, se form\u00f3 en el Club Gimn\u00e0stic de Tarragona en las categor\u00edas superiores de f\u00fatbol base. En la actualidad es la coordinadora de fisioterapia en el Club Atl\u00e8tic Segre de Lleida, formando parte del staff t\u00e9cnico del Juvenil A en categor\u00eda Nacional.\r\n\r\n<strong>Asociaciones:<\/strong>\r\nInscrita en el Colegio de Fisioterapeutas de Catalu\u00f1a.<div class=\"item-footer clearfix\"><a title=\"Sandra Godia Gonz\u00e1lez\" href=\"https:\/\/traumare.com\/es\/doctors\/sandra-godia-gonzalez\/\" class=\"mc-button more light template-arrow-horizontal-1-after\">PROFILE<\/a><\/div><\/div><\/div>\n\t\t\t\t<\/div><\/ul><h3 class=\"box-header margin-bottom-30\">Cuadro m\u00e9dico<\/h3><ul class=\"tabs-navigation isotope-filters clearfix\"><li>\n\t\t\t\t\t\t\t<a href=\"#filter-acupuntura\" title=\"Acupuntura\">Acupuntura<\/a>\n\t\t\t\t\t\t<\/li><li>\n\t\t\t\t\t\t\t<a href=\"#filter-dietetica-y-nutricion\" title=\"Diet\u00e9tica y Nutrici\u00f3n\">Diet\u00e9tica y Nutrici\u00f3n<\/a>\n\t\t\t\t\t\t<\/li><li>\n\t\t\t\t\t\t\t<a href=\"#filter-fisioterapia-y-rehabilitacion\" title=\"Fisioter\u00e1pia y Rehabilitaci\u00f3n\">Fisioter\u00e1pia y Rehabilitaci\u00f3n<\/a>\n\t\t\t\t\t\t<\/li><li>\n\t\t\t\t\t\t\t<a href=\"#filter-psicologia\" title=\"Psicolog\u00eda\">Psicolog\u00eda<\/a>\n\t\t\t\t\t\t<\/li><li>\n\t\t\t\t\t\t\t<a href=\"#filter-sexologia\" title=\"Sexolog\u00eda\">Sexolog\u00eda<\/a>\n\t\t\t\t\t\t<\/li><li>\n\t\t\t\t\t\t\t<a href=\"#filter-traumatologia\" title=\"Traumatolog\u00eda\">Traumatolog\u00eda<\/a>\n\t\t\t\t\t\t<\/li><li>\n\t\t\t\t\t\t\t<a href=\"#filter-ver-todos\" title=\"Ver todos\">Ver todos<\/a>\n\t\t\t\t\t\t<\/li><\/ul><ul class=\"mc-gallery gallery-4-columns dm_filters\"><li class=\"fisioterapia-y-rehabilitacion ver-todos\" id=\"gallery-item-xavi-mir-bergada\">\n\t\t\t\t\t<div class=\"gallery-box gallery-box-1 hover-icons-off\"><span class=\"mc-preloader\"><\/span><img loading=\"lazy\" decoding=\"async\" width=\"285\" height=\"190\" src=\"https:\/\/traumare.com\/wp-content\/uploads\/2023\/01\/Xavier-mir-traumare-1-285x190.jpg\" class=\"mc-preload wp-post-image\" alt=\"Xavi Mir Bergada\" title=\"\" srcset=\"https:\/\/traumare.com\/wp-content\/uploads\/2023\/01\/Xavier-mir-traumare-1-285x190.jpg 285w, https:\/\/traumare.com\/wp-content\/uploads\/2023\/01\/Xavier-mir-traumare-1-480x320.jpg 480w, https:\/\/traumare.com\/wp-content\/uploads\/2023\/01\/Xavier-mir-traumare-1-390x260.jpg 390w\" sizes=\"(max-width: 285px) 100vw, 285px\" \/>\n\t\t\t\t\t\t<div class=\"description\">\n\t\t\t\t\t\t\t<h4>Xavi Mir Bergada<\/h4>\n\t\t\t\t\t\t\t<h5>Fisioterapeuta<\/h5>\n\t\t\t\t\t\t<\/div><ul class=\"social-icons clearfix\"><li><a class=\"social-facebook\" href=\"https:\/\/www.facebook.com\/traumare\/\" title=\"\">&nbsp;<\/a><\/li><li><a class=\"social-instagram\" href=\"https:\/\/www.instagram.com\/traumare_rhb\/\" title=\"\">&nbsp;<\/a><\/li><\/ul>\n\t\t\t\t\t\t<ul class=\"controls\">\n\t\t\t\t\t\t\t<li>\n\t\t\t\t\t\t\t\t<a href=\"#gallery-details-xavi-mir-bergada\" class=\"template-menu-2 open-details\"><\/a>\n\t\t\t\t\t\t\t<\/li><li><a href=\"https:\/\/traumare.com\/wp-content\/uploads\/2023\/01\/Xavier-mir-traumare-1.jpg\" class=\"template-plus-2 fancybox open-lightbox\" rel=\"mcgallery\"><\/a>\n\t\t\t\t\t<\/li><\/ul><\/div><\/li><li class=\"psicologia ver-todos\" id=\"gallery-item-anabel-gateu-charles\">\n\t\t\t\t\t<div class=\"gallery-box gallery-box-2 hover-icons-off\"><span class=\"mc-preloader\"><\/span><img loading=\"lazy\" decoding=\"async\" width=\"225\" height=\"150\" src=\"https:\/\/traumare.com\/wp-content\/uploads\/2020\/02\/Equipo-medico-Traumare-anabel-gateu-charles-psicologia-lleida-225x150.jpeg\" class=\"mc-preload wp-post-image\" alt=\"Anabel Gateu Charles\" title=\"\" \/>\n\t\t\t\t\t\t<div class=\"description\">\n\t\t\t\t\t\t\t<h4>Anabel Gateu Charles<\/h4>\n\t\t\t\t\t\t\t<h5>Psic\u00f3loga<\/h5>\n\t\t\t\t\t\t<\/div><ul class=\"social-icons clearfix\"><li><a class=\"social-facebook\" href=\"https:\/\/www.facebook.com\/anabelgateupsicologa\/\" target=\"_blank\" title=\"\">&nbsp;<\/a><\/li><li><a class=\"social-instagram\" href=\"https:\/\/www.instagram.com\/psicologa_anabelgateu\/\" target=\"_blank\" title=\"\">&nbsp;<\/a><\/li><\/ul>\n\t\t\t\t\t\t<ul class=\"controls\">\n\t\t\t\t\t\t\t<li>\n\t\t\t\t\t\t\t\t<a href=\"#gallery-details-anabel-gateu-charles\" class=\"template-menu-2 open-details\"><\/a>\n\t\t\t\t\t\t\t<\/li><li><a href=\"https:\/\/anabelpsicologa.com\/\" class=\"template-plus-2 fancybox-url open-url-lightbox\" rel=\"mcgallery\"><\/a>\n\t\t\t\t\t<\/li><\/ul><\/div><\/li><li class=\"traumatologia ver-todos\" id=\"gallery-item-dr-adolfo-lafuente-cuenca\">\n\t\t\t\t\t<div class=\"gallery-box gallery-box-3 hover-icons-off\"><span class=\"mc-preloader\"><\/span><img loading=\"lazy\" decoding=\"async\" width=\"225\" height=\"150\" src=\"https:\/\/traumare.com\/wp-content\/uploads\/2016\/01\/Equipo-medico-Traumare-Dr-Lafuente-traumatologo-lleida-225x150.jpg\" class=\"mc-preload wp-post-image\" alt=\"Dr. Adolfo Lafuente Cuenca\" title=\"\" \/>\n\t\t\t\t\t\t<div class=\"description\">\n\t\t\t\t\t\t\t<h4>Dr. Adolfo Lafuente Cuenca<\/h4>\n\t\t\t\t\t\t\t<h5>Traumat\u00f3logo<\/h5>\n\t\t\t\t\t\t<\/div><ul class=\"social-icons clearfix\"><li><a class=\"social-facebook\" href=\"https:\/\/www.facebook.com\/traumare\" target=\"_blank\" title=\"\">&nbsp;<\/a><\/li><li><a class=\"social-instagram\" href=\"https:\/\/www.instagram.com\/traumare_rhb\/\" target=\"_blank\" title=\"\">&nbsp;<\/a><\/li><\/ul>\n\t\t\t\t\t\t<ul class=\"controls\">\n\t\t\t\t\t\t\t<li>\n\t\t\t\t\t\t\t\t<a href=\"#gallery-details-dr-adolfo-lafuente-cuenca\" class=\"template-menu-2 open-details\"><\/a>\n\t\t\t\t\t\t\t<\/li><li><a href=\"https:\/\/traumare.com\/wp-content\/uploads\/2016\/01\/Equipo-medico-Traumare-Dr-Lafuente-traumatologo-lleida.jpg\" class=\"template-plus-2 fancybox open-lightbox\" rel=\"mcgallery\"><\/a>\n\t\t\t\t\t<\/li><\/ul><\/div><\/li><li class=\"medicina-de-familia ver-todos\" id=\"gallery-item-dr-antoni-encinas-pinol\">\n\t\t\t\t\t<div class=\"gallery-box gallery-box-4 hover-icons-off\"><span class=\"mc-preloader\"><\/span><img loading=\"lazy\" decoding=\"async\" width=\"225\" height=\"150\" src=\"https:\/\/traumare.com\/wp-content\/uploads\/2016\/07\/Equipo-medico-Traumare-Encinas-medicina-familiar-lleida-225x150.jpg\" class=\"mc-preload wp-post-image\" alt=\"Dr. Antoni Encinas Pi\u00f1ol\" title=\"\" \/>\n\t\t\t\t\t\t<div class=\"description\">\n\t\t\t\t\t\t\t<h4>Dr. Antoni Encinas Pi\u00f1ol<\/h4>\n\t\t\t\t\t\t\t<h5>M\u00e9dico de Familia<\/h5>\n\t\t\t\t\t\t<\/div><ul class=\"social-icons clearfix\"><li><a class=\"social-facebook\" href=\"https:\/\/www.facebook.com\/traumare\" target=\"_blank\" title=\"\">&nbsp;<\/a><\/li><li><a class=\"social-instagram\" href=\"https:\/\/www.instagram.com\/traumare_rhb\/\" target=\"_blank\" title=\"\">&nbsp;<\/a><\/li><\/ul>\n\t\t\t\t\t\t<ul class=\"controls\">\n\t\t\t\t\t\t\t<li>\n\t\t\t\t\t\t\t\t<a href=\"#gallery-details-dr-antoni-encinas-pinol\" class=\"template-menu-2 open-details\"><\/a>\n\t\t\t\t\t\t\t<\/li><li><a href=\"https:\/\/traumare.com\/wp-content\/uploads\/2016\/07\/Equipo-medico-Traumare-Encinas-medicina-familiar-lleida.jpg\" class=\"template-plus-2 fancybox open-lightbox\" rel=\"mcgallery\"><\/a>\n\t\t\t\t\t<\/li><\/ul><\/div><\/li><li class=\"traumatologia ver-todos\" id=\"gallery-item-dr-jose-maria-cardona-vernet-2\">\n\t\t\t\t\t<div class=\"gallery-box gallery-box-5 hover-icons-off\"><span class=\"mc-preloader\"><\/span><img loading=\"lazy\" decoding=\"async\" width=\"225\" height=\"150\" src=\"https:\/\/traumare.com\/wp-content\/uploads\/2016\/02\/Equipo-medico-Traumare-Dr-Jose-Maria-Cardona-Vernet-traumatologo-lleida-225x150.jpg\" class=\"mc-preload wp-post-image\" alt=\"Dr. Jos\u00e9 Mar\u00eda Cardona Vernet\" title=\"\" \/>\n\t\t\t\t\t\t<div class=\"description\">\n\t\t\t\t\t\t\t<h4>Dr. Jos\u00e9 Mar\u00eda Cardona Vernet<\/h4>\n\t\t\t\t\t\t\t<h5>Traumat\u00f3logo<\/h5>\n\t\t\t\t\t\t<\/div><ul class=\"social-icons clearfix\"><li><a class=\"social-facebook\" href=\"https:\/\/www.facebook.com\/traumare\" target=\"_blank\" title=\"\">&nbsp;<\/a><\/li><li><a class=\"social-instagram\" href=\"https:\/\/www.instagram.com\/traumare_rhb\/\" target=\"_blank\" title=\"\">&nbsp;<\/a><\/li><\/ul>\n\t\t\t\t\t\t<ul class=\"controls\">\n\t\t\t\t\t\t\t<li>\n\t\t\t\t\t\t\t\t<a href=\"#gallery-details-dr-jose-maria-cardona-vernet-2\" class=\"template-menu-2 open-details\"><\/a>\n\t\t\t\t\t\t\t<\/li><li><a href=\"https:\/\/traumare.com\/wp-content\/uploads\/2016\/02\/Equipo-medico-Traumare-Dr-Jose-Maria-Cardona-Vernet-traumatologo-lleida.jpg\" class=\"template-plus-2 fancybox open-lightbox\" rel=\"mcgallery\"><\/a>\n\t\t\t\t\t<\/li><\/ul><\/div><\/li><li class=\"dermatologia ver-todos\" id=\"gallery-item-espanol-dr-josep-manel-fernandez-armenteros\">\n\t\t\t\t\t<div class=\"gallery-box gallery-box-6 hover-icons-off\"><span class=\"mc-preloader\"><\/span><img loading=\"lazy\" decoding=\"async\" width=\"225\" height=\"150\" src=\"https:\/\/traumare.com\/wp-content\/uploads\/2020\/02\/Equipo-medico-Agen-Clinics-dermatologia-lleida-225x150.jpg\" class=\"mc-preload wp-post-image\" alt=\"Dr. Josep Manel Fern\u00e1ndez Armenteros\" title=\"\" \/>\n\t\t\t\t\t\t<div class=\"description\">\n\t\t\t\t\t\t\t<h4>Dr. Josep Manel Fern\u00e1ndez Armenteros<\/h4>\n\t\t\t\t\t\t\t<h5>Dermat\u00f3logo<\/h5>\n\t\t\t\t\t\t<\/div>\n\t\t\t\t\t\t<ul class=\"controls\">\n\t\t\t\t\t\t\t<li>\n\t\t\t\t\t\t\t\t<a href=\"#gallery-details-espanol-dr-josep-manel-fernandez-armenteros\" class=\"template-menu-2 open-details\"><\/a>\n\t\t\t\t\t\t\t<\/li><li><a href=\"https:\/\/traumare.com\/wp-content\/uploads\/2020\/02\/Equipo-medico-Agen-Clinics-dermatologia-lleida.jpg\" class=\"template-plus-2 fancybox open-lightbox\" rel=\"mcgallery\" title=\"test\"><\/a>\n\t\t\t\t\t<\/li><\/ul><\/div><\/li><li class=\"dermatologia ver-todos\" id=\"gallery-item-dr-rafael-aguayo-ortiz\">\n\t\t\t\t\t<div class=\"gallery-box gallery-box-7 hover-icons-off\"><span class=\"mc-preloader\"><\/span><img loading=\"lazy\" decoding=\"async\" width=\"225\" height=\"150\" src=\"https:\/\/traumare.com\/wp-content\/uploads\/2020\/02\/Equipo-medico-Agen-Clinics-dermatologia-lleida-225x150.jpg\" class=\"mc-preload wp-post-image\" alt=\"Dr. Rafael Aguayo Ortiz\" title=\"\" \/>\n\t\t\t\t\t\t<div class=\"description\">\n\t\t\t\t\t\t\t<h4>Dr. Rafael Aguayo Ortiz<\/h4>\n\t\t\t\t\t\t\t<h5>Dermat\u00f3logo<\/h5>\n\t\t\t\t\t\t<\/div>\n\t\t\t\t\t\t<ul class=\"controls\">\n\t\t\t\t\t\t\t<li>\n\t\t\t\t\t\t\t\t<a href=\"#gallery-details-dr-rafael-aguayo-ortiz\" class=\"template-menu-2 open-details\"><\/a>\n\t\t\t\t\t\t\t<\/li><li><a href=\"https:\/\/traumare.com\/wp-content\/uploads\/2020\/02\/Equipo-medico-Agen-Clinics-dermatologia-lleida.jpg\" class=\"template-plus-2 fancybox open-lightbox\" rel=\"mcgallery\"><\/a>\n\t\t\t\t\t<\/li><\/ul><\/div><\/li><li class=\"acupuntura ver-todos\" id=\"gallery-item-isabel-loizu\">\n\t\t\t\t\t<div class=\"gallery-box gallery-box-8 hover-icons-off\"><span class=\"mc-preloader\"><\/span><img loading=\"lazy\" decoding=\"async\" width=\"225\" height=\"150\" src=\"https:\/\/traumare.com\/wp-content\/uploads\/2016\/01\/Equipo-medico-Traumare-Isabel-Loizu-acupuntura-lleida-225x150.jpg\" class=\"mc-preload wp-post-image\" alt=\"Isabel Loizu\" title=\"\" \/>\n\t\t\t\t\t\t<div class=\"description\">\n\t\t\t\t\t\t\t<h4>Isabel Loizu<\/h4>\n\t\t\t\t\t\t\t<h5>Acupuntora<\/h5>\n\t\t\t\t\t\t<\/div><ul class=\"social-icons clearfix\"><li><a class=\"social-facebook\" href=\"https:\/\/www.facebook.com\/Isabel-Loizu-Mart%C3%AD-221160621229945\/?fref=ts\" target=\"_blank\" title=\"\">&nbsp;<\/a><\/li><li><a class=\"social-instagram\" href=\"https:\/\/www.instagram.com\/traumare_rhb\/\" target=\"_blank\" title=\"\">&nbsp;<\/a><\/li><\/ul>\n\t\t\t\t\t\t<ul class=\"controls\">\n\t\t\t\t\t\t\t<li>\n\t\t\t\t\t\t\t\t<a href=\"#gallery-details-isabel-loizu\" class=\"template-menu-2 open-details\"><\/a>\n\t\t\t\t\t\t\t<\/li><li><a href=\"http:\/\/www.acupunturalleida.com\/\" class=\"template-plus-2 fancybox-url open-url-lightbox\" rel=\"mcgallery\"><\/a>\n\t\t\t\t\t<\/li><\/ul><\/div><\/li><li class=\"fisioterapia-y-rehabilitacion ver-todos\" id=\"gallery-item-marc-gonzalez-franque\">\n\t\t\t\t\t<div class=\"gallery-box gallery-box-9 hover-icons-off\"><span class=\"mc-preloader\"><\/span><img loading=\"lazy\" decoding=\"async\" width=\"285\" height=\"190\" src=\"https:\/\/traumare.com\/wp-content\/uploads\/2023\/01\/MARC-GONZALEZ-traumare-1-285x190.jpg\" class=\"mc-preload wp-post-image\" alt=\"Marc Gonzalez Franqu\u00e9\" title=\"\" srcset=\"https:\/\/traumare.com\/wp-content\/uploads\/2023\/01\/MARC-GONZALEZ-traumare-1-285x190.jpg 285w, https:\/\/traumare.com\/wp-content\/uploads\/2023\/01\/MARC-GONZALEZ-traumare-1-480x320.jpg 480w, https:\/\/traumare.com\/wp-content\/uploads\/2023\/01\/MARC-GONZALEZ-traumare-1-390x260.jpg 390w\" sizes=\"(max-width: 285px) 100vw, 285px\" \/>\n\t\t\t\t\t\t<div class=\"description\">\n\t\t\t\t\t\t\t<h4>Marc Gonzalez Franqu\u00e9<\/h4>\n\t\t\t\t\t\t\t<h5>Fisioterapeuta<\/h5>\n\t\t\t\t\t\t<\/div><ul class=\"social-icons clearfix\"><li><a class=\"social-facebook\" href=\"https:\/\/www.facebook.com\/traumare\/\" title=\"\">&nbsp;<\/a><\/li><li><a class=\"social-instagram\" href=\"https:\/\/www.instagram.com\/traumare_rhb\/\" title=\"\">&nbsp;<\/a><\/li><\/ul>\n\t\t\t\t\t\t<ul class=\"controls\">\n\t\t\t\t\t\t\t<li>\n\t\t\t\t\t\t\t\t<a href=\"#gallery-details-marc-gonzalez-franque\" class=\"template-menu-2 open-details\"><\/a>\n\t\t\t\t\t\t\t<\/li><li><a href=\"https:\/\/traumare.com\/wp-content\/uploads\/2023\/01\/MARC-GONZALEZ-traumare-1.jpg\" class=\"template-plus-2 fancybox open-lightbox\" rel=\"mcgallery\"><\/a>\n\t\t\t\t\t<\/li><\/ul><\/div><\/li><li class=\"dietetica-y-nutricion ver-todos\" id=\"gallery-item-maria-gil\">\n\t\t\t\t\t<div class=\"gallery-box gallery-box-10 hover-icons-off\"><span class=\"mc-preloader\"><\/span><img loading=\"lazy\" decoding=\"async\" width=\"225\" height=\"150\" src=\"https:\/\/traumare.com\/wp-content\/uploads\/2015\/12\/Equipo-medico-Traumare-Maria-Gil-nutricion-lleida-225x150.jpg\" class=\"mc-preload wp-post-image\" alt=\"Maria Gil\" title=\"\" \/>\n\t\t\t\t\t\t<div class=\"description\">\n\t\t\t\t\t\t\t<h4>Maria Gil<\/h4>\n\t\t\t\t\t\t\t<h5>Nutricionista Cl\u00ednica y Deportiva<\/h5>\n\t\t\t\t\t\t<\/div><ul class=\"social-icons clearfix\"><li><a class=\"social-facebook\" href=\"https:\/\/www.facebook.com\/mariagilnutricionista\/\" target=\"_blank\" title=\"\">&nbsp;<\/a><\/li><li><a class=\"social-twitter\" href=\"https:\/\/twitter.com\/mariagil_dn\" target=\"_blank\" title=\"\">&nbsp;<\/a><\/li><li><a class=\"social-instagram\" href=\"https:\/\/www.instagram.com\/mariagil_nutritionist\/\" target=\"_blank\" title=\"\">&nbsp;<\/a><\/li><li><a class=\"social-youtube\" href=\"https:\/\/www.youtube.com\/channel\/UCnWDRRKhtF4Kx2oi5uefAMw\" target=\"_blank\" title=\"\">&nbsp;<\/a><\/li><\/ul>\n\t\t\t\t\t\t<ul class=\"controls\">\n\t\t\t\t\t\t\t<li>\n\t\t\t\t\t\t\t\t<a href=\"#gallery-details-maria-gil\" class=\"template-menu-2 open-details\"><\/a>\n\t\t\t\t\t\t\t<\/li><li><a href=\"http:\/\/www.mariagilnutricionista.com\" class=\"template-plus-2 fancybox-url open-url-lightbox\" rel=\"mcgallery\"><\/a>\n\t\t\t\t\t<\/li><\/ul><\/div><\/li><li class=\"fisioterapia-y-rehabilitacion ver-todos\" id=\"gallery-item-mikaela-ivaniva-gugova\">\n\t\t\t\t\t<div class=\"gallery-box gallery-box-11 hover-icons-off\"><span class=\"mc-preloader\"><\/span><img loading=\"lazy\" decoding=\"async\" width=\"225\" height=\"150\" src=\"https:\/\/traumare.com\/wp-content\/uploads\/2019\/01\/Equipo-medico-Traumare-Mikaela-Ivaniva-lleida-fisioterapia-225x150.jpg\" class=\"mc-preload wp-post-image\" alt=\"Mikaela Ivaniva Gugova\" title=\"\" \/>\n\t\t\t\t\t\t<div class=\"description\">\n\t\t\t\t\t\t\t<h4>Mikaela Ivaniva Gugova<\/h4>\n\t\t\t\t\t\t\t<h5>Fisioterapeuta<\/h5>\n\t\t\t\t\t\t<\/div><ul class=\"social-icons clearfix\"><li><a class=\"social-facebook\" href=\"https:\/\/www.facebook.com\/traumare\/\" title=\"\">&nbsp;<\/a><\/li><li><a class=\"social-instagram\" href=\"https:\/\/www.instagram.com\/traumare_rhb\/\" target=\"_blank\" title=\"\">&nbsp;<\/a><\/li><\/ul>\n\t\t\t\t\t\t<ul class=\"controls\">\n\t\t\t\t\t\t\t<li>\n\t\t\t\t\t\t\t\t<a href=\"#gallery-details-mikaela-ivaniva-gugova\" class=\"template-menu-2 open-details\"><\/a>\n\t\t\t\t\t\t\t<\/li><li><a href=\"https:\/\/traumare.com\/wp-content\/uploads\/2019\/01\/Equipo-medico-Traumare-Mikaela-Ivaniva-lleida-fisioterapia.jpg\" class=\"template-plus-2 fancybox open-lightbox\" rel=\"mcgallery\" title=\"http:\/\/traumare.com\/wp-content\/uploads\/2015\/12\/05179b63-55d5-48c2-8303-1551743d6322.jpeg\"><\/a>\n\t\t\t\t\t<\/li><\/ul><\/div><\/li><li class=\"fisioterapia-y-rehabilitacion ver-todos\" id=\"gallery-item-naomi-roque-pelaez\">\n\t\t\t\t\t<div class=\"gallery-box gallery-box-12 hover-icons-off\"><span class=\"mc-preloader\"><\/span><img loading=\"lazy\" decoding=\"async\" width=\"225\" height=\"150\" src=\"https:\/\/traumare.com\/wp-content\/uploads\/2019\/01\/Equipo-medico-Traumare-Naomi-Roque-fisioterapia_lleida-225x150.jpg\" class=\"mc-preload wp-post-image\" alt=\"Naomi Roque Pel\u00e1ez\" title=\"\" \/>\n\t\t\t\t\t\t<div class=\"description\">\n\t\t\t\t\t\t\t<h4>Naomi Roque Pel\u00e1ez<\/h4>\n\t\t\t\t\t\t\t<h5>Fisioterapeuta<\/h5>\n\t\t\t\t\t\t<\/div><ul class=\"social-icons clearfix\"><li><a class=\"social-facebook\" href=\"https:\/\/www.facebook.com\/traumare\/\" title=\"\">&nbsp;<\/a><\/li><li><a class=\"social-instagram\" href=\"https:\/\/www.instagram.com\/traumare_rhb\/\" target=\"_blank\" title=\"\">&nbsp;<\/a><\/li><\/ul>\n\t\t\t\t\t\t<ul class=\"controls\">\n\t\t\t\t\t\t\t<li>\n\t\t\t\t\t\t\t\t<a href=\"#gallery-details-naomi-roque-pelaez\" class=\"template-menu-2 open-details\"><\/a>\n\t\t\t\t\t\t\t<\/li><li><a href=\"https:\/\/traumare.com\/wp-content\/uploads\/2019\/01\/Equipo-medico-Traumare-Naomi-Roque-fisioterapia_lleida.jpg\" class=\"template-plus-2 fancybox open-lightbox\" rel=\"mcgallery\"><\/a>\n\t\t\t\t\t<\/li><\/ul><\/div><\/li><li class=\"psicologia ver-todos\" id=\"gallery-item-oscar-corbella-granados\">\n\t\t\t\t\t<div class=\"gallery-box gallery-box-13 hover-icons-off\"><span class=\"mc-preloader\"><\/span><img loading=\"lazy\" decoding=\"async\" width=\"225\" height=\"150\" src=\"https:\/\/traumare.com\/wp-content\/uploads\/2016\/03\/Equipo-medico-Traumare-Oscar-Corbella-Psicologia-lleida-225x150.jpg\" class=\"mc-preload wp-post-image\" alt=\"\u00d2scar Corbella Granados\" title=\"\" \/>\n\t\t\t\t\t\t<div class=\"description\">\n\t\t\t\t\t\t\t<h4>\u00d2scar Corbella Granados<\/h4>\n\t\t\t\t\t\t\t<h5>Psic\u00f3logo<\/h5>\n\t\t\t\t\t\t<\/div><ul class=\"social-icons clearfix\"><li><a class=\"social-facebook\" href=\"https:\/\/www.facebook.com\/traumare\" target=\"_blank\" title=\"\">&nbsp;<\/a><\/li><li><a class=\"social-instagram\" href=\"https:\/\/www.instagram.com\/traumare_rhb\/\" target=\"_blank\" title=\"\">&nbsp;<\/a><\/li><\/ul>\n\t\t\t\t\t\t<ul class=\"controls\">\n\t\t\t\t\t\t\t<li>\n\t\t\t\t\t\t\t\t<a href=\"#gallery-details-oscar-corbella-granados\" class=\"template-menu-2 open-details\"><\/a>\n\t\t\t\t\t\t\t<\/li><li><a href=\"http:\/\/www.sanament.com\" class=\"template-plus-2 fancybox-url open-url-lightbox\" rel=\"mcgallery\"><\/a>\n\t\t\t\t\t<\/li><\/ul><\/div><\/li><li class=\"fisioterapia-y-rehabilitacion ver-todos\" id=\"gallery-item-sandra-godia-gonzalez\">\n\t\t\t\t\t<div class=\"gallery-box gallery-box-14 hover-icons-off\"><span class=\"mc-preloader\"><\/span><img loading=\"lazy\" decoding=\"async\" width=\"225\" height=\"150\" src=\"https:\/\/traumare.com\/wp-content\/uploads\/2016\/01\/Equipo-medico-Traumare-Sandra-Godia-fisioterapia-rehabilitacio-lleida-225x150.jpg\" class=\"mc-preload wp-post-image\" alt=\"Sandra Godia Gonz\u00e1lez\" title=\"\" \/>\n\t\t\t\t\t\t<div class=\"description\">\n\t\t\t\t\t\t\t<h4>Sandra Godia Gonz\u00e1lez<\/h4>\n\t\t\t\t\t\t\t<h5>Fisioterapeuta<\/h5>\n\t\t\t\t\t\t<\/div><ul class=\"social-icons clearfix\"><li><a class=\"social-facebook\" href=\"https:\/\/www.facebook.com\/traumare\" target=\"_blank\" title=\"\">&nbsp;<\/a><\/li><li><a class=\"social-linkedin\" href=\"https:\/\/www.linkedin.com\/in\/sandra-godia-43390666\/\" title=\"\">&nbsp;<\/a><\/li><li><a class=\"social-instagram\" href=\"https:\/\/www.instagram.com\/traumare_rhb\/\" target=\"_blank\" title=\"\">&nbsp;<\/a><\/li><\/ul>\n\t\t\t\t\t\t<ul class=\"controls\">\n\t\t\t\t\t\t\t<li>\n\t\t\t\t\t\t\t\t<a href=\"#gallery-details-sandra-godia-gonzalez\" class=\"template-menu-2 open-details\"><\/a>\n\t\t\t\t\t\t\t<\/li><li><a href=\"https:\/\/traumare.com\/wp-content\/uploads\/2016\/01\/Equipo-medico-Traumare-Sandra-Godia-fisioterapia-rehabilitacio-lleida.jpg\" class=\"template-plus-2 fancybox open-lightbox\" rel=\"mcgallery\"><\/a>\n\t\t\t\t\t<\/li><\/ul><\/div><\/li><\/ul>[\/vc_column][\/vc_row]<\/p>\n","protected":false},"excerpt":{"rendered":"<p>[vc_row][vc_column][vc_column_text][\/vc_column_text][\/vc_column][\/vc_row][vc_row][vc_column width=\u00bb2\/3&#8243;][vc_custom_heading text=\u00bbCentro m\u00e9dico y de especialidades\u00bb use_theme_fonts=\u00bbyes\u00bb css=\u00bb.vc_custom_1454410328060{margin-top: 10px !important;margin-right: 0px !important;margin-bottom: 0px !important;margin-left: 0px !important;}\u00bb][vc_column_text]Traumare\u00a0es\u00a0un centro m\u00e9dico con m\u00e1s de 25 a\u00f1os de experiencia en el mundo de la sanidad y especializada en traumatolog\u00eda, cirug\u00eda ortop\u00e9dica, fisioterapia y valoraci\u00f3n del da\u00f1o corporal. Contamos con unos grandes profesionales plenamente implicados en dar el mejor<\/p>\n","protected":false},"author":1,"featured_media":0,"parent":0,"menu_order":0,"comment_status":"closed","ping_status":"open","template":"","meta":{"_monsterinsights_skip_tracking":false,"_monsterinsights_sitenote_active":false,"_monsterinsights_sitenote_note":"","_monsterinsights_sitenote_category":0,"footnotes":""},"yoast_head":"<!-- This site is optimized with the Yoast SEO plugin v21.8 - https:\/\/yoast.com\/wordpress\/plugins\/seo\/ -->\n<title>Traumare, Centro m\u00e9dico y rehabilitaci\u00f3n en Lleida<\/title>\n<meta name=\"description\" content=\"Traumare, somos un centro m\u00e9dico con m\u00e1s de 25 a\u00f1os de experiencia especializado en traumatolog\u00eda, fisioterapia y valoraci\u00f3n del da\u00f1o corporal.\" \/>\n<meta name=\"robots\" content=\"index, follow, max-snippet:-1, max-image-preview:large, max-video-preview:-1\" \/>\n<link rel=\"canonical\" href=\"https:\/\/traumare.com\/es\/centro-medico\/\" \/>\n<meta property=\"og:locale\" content=\"es_ES\" \/>\n<meta property=\"og:type\" content=\"article\" \/>\n<meta property=\"og:title\" content=\"Traumare, Centro m\u00e9dico y rehabilitaci\u00f3n en Lleida\" \/>\n<meta property=\"og:description\" content=\"Traumare, somos un centro m\u00e9dico con m\u00e1s de 25 a\u00f1os de experiencia especializado en traumatolog\u00eda, fisioterapia y valoraci\u00f3n del da\u00f1o corporal.\" \/>\n<meta property=\"og:url\" content=\"https:\/\/traumare.com\/es\/centro-medico\/\" \/>\n<meta property=\"og:site_name\" content=\"TRAUMARE\" \/>\n<meta property=\"article:publisher\" content=\"https:\/\/www.facebook.com\/traumare\" \/>\n<meta property=\"article:modified_time\" content=\"2016-09-23T12:39:44+00:00\" \/>\n<meta property=\"og:image\" content=\"https:\/\/traumare.com\/wp-content\/uploads\/2014\/11\/logo-quadrat.jpg\" \/>\n\t<meta property=\"og:image:width\" content=\"252\" \/>\n\t<meta property=\"og:image:height\" content=\"179\" \/>\n\t<meta property=\"og:image:type\" content=\"image\/jpeg\" \/>\n<meta name=\"twitter:label1\" content=\"Tiempo de lectura\" \/>\n\t<meta name=\"twitter:data1\" content=\"2 minutos\" \/>\n<script type=\"application\/ld+json\" class=\"yoast-schema-graph\">{\"@context\":\"https:\/\/schema.org\",\"@graph\":[{\"@type\":\"WebPage\",\"@id\":\"https:\/\/traumare.com\/es\/centro-medico\/\",\"url\":\"https:\/\/traumare.com\/es\/centro-medico\/\",\"name\":\"Traumare, Centro m\u00e9dico y rehabilitaci\u00f3n en Lleida\",\"isPartOf\":{\"@id\":\"http:\/\/traumare.com\/ca\/#website\"},\"datePublished\":\"2014-11-05T10:14:07+00:00\",\"dateModified\":\"2016-09-23T12:39:44+00:00\",\"description\":\"Traumare, somos un centro m\u00e9dico con m\u00e1s de 25 a\u00f1os de experiencia especializado en traumatolog\u00eda, fisioterapia y valoraci\u00f3n del da\u00f1o corporal.\",\"breadcrumb\":{\"@id\":\"https:\/\/traumare.com\/es\/centro-medico\/#breadcrumb\"},\"inLanguage\":\"es\",\"potentialAction\":[{\"@type\":\"ReadAction\",\"target\":[\"https:\/\/traumare.com\/es\/centro-medico\/\"]}]},{\"@type\":\"BreadcrumbList\",\"@id\":\"https:\/\/traumare.com\/es\/centro-medico\/#breadcrumb\",\"itemListElement\":[{\"@type\":\"ListItem\",\"position\":1,\"name\":\"Inici\",\"item\":\"https:\/\/traumare.com\/ca\/\"},{\"@type\":\"ListItem\",\"position\":2,\"name\":\"Traumare\"}]},{\"@type\":\"WebSite\",\"@id\":\"http:\/\/traumare.com\/ca\/#website\",\"url\":\"http:\/\/traumare.com\/ca\/\",\"name\":\"TRAUMARE\",\"description\":\"\",\"potentialAction\":[{\"@type\":\"SearchAction\",\"target\":{\"@type\":\"EntryPoint\",\"urlTemplate\":\"http:\/\/traumare.com\/ca\/?s={search_term_string}\"},\"query-input\":\"required name=search_term_string\"}],\"inLanguage\":\"es\"}]}<\/script>\n<!-- \/ Yoast SEO plugin. -->","yoast_head_json":{"title":"Traumare, Centro m\u00e9dico y rehabilitaci\u00f3n en Lleida","description":"Traumare, somos un centro m\u00e9dico con m\u00e1s de 25 a\u00f1os de experiencia especializado en traumatolog\u00eda, fisioterapia y valoraci\u00f3n del da\u00f1o corporal.","robots":{"index":"index","follow":"follow","max-snippet":"max-snippet:-1","max-image-preview":"max-image-preview:large","max-video-preview":"max-video-preview:-1"},"canonical":"https:\/\/traumare.com\/es\/centro-medico\/","og_locale":"es_ES","og_type":"article","og_title":"Traumare, Centro m\u00e9dico y rehabilitaci\u00f3n en Lleida","og_description":"Traumare, somos un centro m\u00e9dico con m\u00e1s de 25 a\u00f1os de experiencia especializado en traumatolog\u00eda, fisioterapia y valoraci\u00f3n del da\u00f1o corporal.","og_url":"https:\/\/traumare.com\/es\/centro-medico\/","og_site_name":"TRAUMARE","article_publisher":"https:\/\/www.facebook.com\/traumare","article_modified_time":"2016-09-23T12:39:44+00:00","og_image":[{"width":252,"height":179,"url":"https:\/\/traumare.com\/wp-content\/uploads\/2014\/11\/logo-quadrat.jpg","type":"image\/jpeg"}],"twitter_misc":{"Tiempo de lectura":"2 minutos"},"schema":{"@context":"https:\/\/schema.org","@graph":[{"@type":"WebPage","@id":"https:\/\/traumare.com\/es\/centro-medico\/","url":"https:\/\/traumare.com\/es\/centro-medico\/","name":"Traumare, Centro m\u00e9dico y rehabilitaci\u00f3n en Lleida","isPartOf":{"@id":"http:\/\/traumare.com\/ca\/#website"},"datePublished":"2014-11-05T10:14:07+00:00","dateModified":"2016-09-23T12:39:44+00:00","description":"Traumare, somos un centro m\u00e9dico con m\u00e1s de 25 a\u00f1os de experiencia especializado en traumatolog\u00eda, fisioterapia y valoraci\u00f3n del da\u00f1o corporal.","breadcrumb":{"@id":"https:\/\/traumare.com\/es\/centro-medico\/#breadcrumb"},"inLanguage":"es","potentialAction":[{"@type":"ReadAction","target":["https:\/\/traumare.com\/es\/centro-medico\/"]}]},{"@type":"BreadcrumbList","@id":"https:\/\/traumare.com\/es\/centro-medico\/#breadcrumb","itemListElement":[{"@type":"ListItem","position":1,"name":"Inici","item":"https:\/\/traumare.com\/ca\/"},{"@type":"ListItem","position":2,"name":"Traumare"}]},{"@type":"WebSite","@id":"http:\/\/traumare.com\/ca\/#website","url":"http:\/\/traumare.com\/ca\/","name":"TRAUMARE","description":"","potentialAction":[{"@type":"SearchAction","target":{"@type":"EntryPoint","urlTemplate":"http:\/\/traumare.com\/ca\/?s={search_term_string}"},"query-input":"required name=search_term_string"}],"inLanguage":"es"}]}},"_links":{"self":[{"href":"https:\/\/traumare.com\/es\/wp-json\/wp\/v2\/pages\/44"}],"collection":[{"href":"https:\/\/traumare.com\/es\/wp-json\/wp\/v2\/pages"}],"about":[{"href":"https:\/\/traumare.com\/es\/wp-json\/wp\/v2\/types\/page"}],"author":[{"embeddable":true,"href":"https:\/\/traumare.com\/es\/wp-json\/wp\/v2\/users\/1"}],"replies":[{"embeddable":true,"href":"https:\/\/traumare.com\/es\/wp-json\/wp\/v2\/comments?post=44"}],"version-history":[{"count":0,"href":"https:\/\/traumare.com\/es\/wp-json\/wp\/v2\/pages\/44\/revisions"}],"wp:attachment":[{"href":"https:\/\/traumare.com\/es\/wp-json\/wp\/v2\/media?parent=44"}],"curies":[{"name":"wp","href":"https:\/\/api.w.org\/{rel}","templated":true}]}}