{"id":624,"date":"2015-12-30T14:37:49","date_gmt":"2015-12-30T14:37:49","guid":{"rendered":"http:\/\/traumare.com\/?page_id=624"},"modified":"2018-06-13T16:19:22","modified_gmt":"2018-06-13T16:19:22","slug":"psicologia-y-sexologia","status":"publish","type":"page","link":"https:\/\/traumare.com\/ca\/psicologia-y-sexologia\/","title":{"rendered":"Psicologia i sexologia"},"content":{"rendered":"<p>[vc_row][vc_column][vc_column_text]<div id=\"metaslider-id-771\" style=\"max-width: 1024px;\" class=\"ml-slider-3-60-1 metaslider metaslider-flex metaslider-771 ml-slider ms-theme-default\" role=\"region\" aria-roledescription=\"Slideshow\" aria-label=\"psicologia\">\n    <div id=\"metaslider_container_771\">\n        <div id=\"metaslider_771\">\n            <ul aria-live=\"polite\" class=\"slides\">\n                <li style=\"display: block; width: 100%;\" class=\"slide-699 ms-image\" aria-roledescription=\"slide\" aria-label=\"slide-699\"><img loading=\"lazy\" decoding=\"async\" src=\"https:\/\/traumare.com\/wp-content\/uploads\/2015\/12\/Fotografies-Traumare-psicologia-lleida.jpg\" height=\"341\" width=\"1024\" alt=\"\" class=\"slider-771 slide-699\" \/><\/li>\n                <li style=\"display: none; width: 100%;\" class=\"slide-1037 ms-image\" aria-roledescription=\"slide\" aria-label=\"slide-1037\"><img loading=\"lazy\" decoding=\"async\" src=\"https:\/\/traumare.com\/wp-content\/uploads\/2015\/12\/Fotografies-Traumare-psicologia-sexologia-lleida-2.jpg\" height=\"341\" width=\"1024\" alt=\"\" class=\"slider-771 slide-1037\" \/><\/li>\n                <li style=\"display: none; width: 100%;\" class=\"slide-1038 ms-image\" aria-roledescription=\"slide\" aria-label=\"slide-1038\"><img loading=\"lazy\" decoding=\"async\" src=\"https:\/\/traumare.com\/wp-content\/uploads\/2015\/12\/Fotografies-Traumare-psicologia-sexologia-lleida-3.jpg\" height=\"341\" width=\"1024\" alt=\"\" class=\"slider-771 slide-1038\" \/><\/li>\n            <\/ul>\n        <\/div>\n        \n    <\/div>\n<\/div>[\/vc_column_text][\/vc_column][\/vc_row][vc_row][vc_column width=&#8221;2\/3&#8243;][vc_custom_heading text=&#8221;Psicologia&#8221; font_container=&#8221;tag:h3|text_align:left|color:%239fa43c&#8221; use_theme_fonts=&#8221;yes&#8221;][vc_column_text]Acompanyament, consulta\/conselleria i assessorament en diverses situacions i \/ o moments personals. Conciliaci\u00f3 familiar, trastorns de conducta infantils i adolescents, situacions familiars estressants i dificultats d&#8217;adaptaci\u00f3 en nens a causa de qualsevol causa: dificultats intel\u00b7lectuals, dificultats d&#8217;aprenentatge, espectre autista.<\/p>\n<p><strong>Trastorns emocionals:<\/strong> F\u00f2bia espec\u00edfica, f\u00f2bia social, trastorn de Panic, estr\u00e8s posttraum\u00e0tic, trastorn obesivo compulsiu, trastorn bipolar, trastorns de personalitat.<\/p>\n<p><strong>Psicologia Cl\u00ednica i Medicina Conductual:<\/strong> Trastorns de la conducta aliment\u00e0ria. (Anor\u00e8xia, bul\u00edmia i trastorns de la conducta aliment\u00e0ria no especificat TCANE).<\/p>\n<p><strong>Estrat\u00e8gies pedag\u00f2giques<\/strong> per a la reducci\u00f3 de la conflictivitat.<\/p>\n<p><strong>Psicologia infantojuvenil:<\/strong> Trastorn per d\u00e8ficit d&#8217;atenci\u00f3 amb o sense hiperactivitat.<\/p>\n<p><strong>Coaching per a la motivaci\u00f3<\/strong> i processos de canvi.<\/p>\n<p><strong>Psicooncologia.<\/strong><\/p>\n<p><strong>Psiconeuroimmunoendocrinologia.<\/strong>[\/vc_column_text][vc_custom_heading text=&#8221;Sexologia&#8221; font_container=&#8221;tag:h3|text_align:left|color:%239fa43c&#8221; use_theme_fonts=&#8221;yes&#8221; css=&#8221;.vc_custom_1453216325404{margin-top: 10px !important;}&#8221;][vc_column_text]<strong>Disfuncions sexuals:<\/strong> Disfunci\u00f3 er\u00e8ctil, ejaculaci\u00f3 preco\u00e7, inapet\u00e8ncia sexual o falta de desig, anorg\u00e0smia, vaginisme, dolor coital,\u2026<\/p>\n<p><strong>Problemes de parella:<\/strong>\u00a0Crisis de parella, problemes de conviv\u00e8ncia, infidelitats, conflictes freq\u00fcents, comunicaci\u00f3 i negociaci\u00f3 en la parella,\u2026<\/p>\n<p><strong>Identitat i orientaci\u00f3 sexual.<\/strong>[\/vc_column_text][\/vc_column][vc_column width=&#8221;1\/3&#8243;]<h2 class=\"box-header\">Demana Cita<\/h2>[vc_column_text css=&#8221;.vc_custom_1453716000834{margin-top: 30px !important;}&#8221;]<\/p>\n<h3>Trucant al tel\u00e8fon <span style=\"color: #9fa43c;\">973 268 599<\/span>\u00a0o a trav\u00e9s del seg\u00fcent formulari:<\/h3>\n<p>[\/vc_column_text]<form class=\"contact-form \" id=\"contact_form\" method=\"post\" action=\"\"><div class=\"vc_row wpb_row vc_inner\">\n\t\t\t<fieldset class=\"vc_col-sm-6 wpb_column vc_column_container\"><label>FIRST NAME<\/label>\n\t\t\t\t<div class=\"block\">\n\t\t\t\t\t<input class=\"text_input\" name=\"first_name\" type=\"text\" value=\"\" tabindex=\"1\" data-required=\"1\">\n\t\t\t\t<\/div><label>DATE OF BIRTH (mm\/dd\/yyyy)<\/label>\n\t\t\t\t<div class=\"block\">\n\t\t\t\t\t<input class=\"text_input\" name=\"date_of_birth\" type=\"text\" value=\"\" tabindex=\"3\">\n\t\t\t\t<\/div><label>PHONE NUMBER<\/label>\n\t\t\t\t<div class=\"block\">\n\t\t\t\t\t<input class=\"text_input\" name=\"phone_number\" type=\"text\" value=\"\" tabindex=\"5\">\n\t\t\t\t<\/div><\/fieldset>\n\t\t\t<fieldset class=\"vc_col-sm-6 wpb_column vc_column_container\"><label>LAST NAME<\/label>\n\t\t\t\t<div class=\"block\">\n\t\t\t\t\t<input class=\"text_input\" name=\"last_name\" type=\"text\" value=\"\" tabindex=\"2\" data-required=\"1\">\n\t\t\t\t<\/div><label>SOCIAL SECURITY NUMBER<\/label>\n\t\t\t\t<div class=\"block\">\n\t\t\t\t\t<input class=\"text_input\" name=\"social_security_number\" type=\"text\" value=\"\" tabindex=\"4\">\n\t\t\t\t<\/div><label>E-MAIL<\/label>\n\t\t\t\t<div class=\"block\">\n\t\t\t\t\t<input class=\"text_input\" name=\"email\" type=\"text\" value=\"\" tabindex=\"6\" data-required=\"1\">\n\t\t\t\t<\/div><\/fieldset>\n\t\t<\/div><div class=\"vc_row wpb_row vc_inner\">\n\t\t\t<fieldset>\n\t\t\t\t<label>REASON OF APPOINTMENT<\/label>\n\t\t\t\t<div class=\"block\">\n\t\t\t\t\t<textarea name=\"message\" tabindex=\"7\" data-required=\"1\"><\/textarea>\n\t\t\t\t<\/div>\n\t\t\t<\/fieldset>\n\t\t<\/div><div class=\"vc_row wpb_row vc_inner submit-container margin-top-30\"><div class=\"vc_col-sm-6 wpb_column vc_column_container\">\n\t\t\t\t<p>We will contact you within one business day.<\/p>\n\t\t\t<\/div>\n\t\t\t<div class=\"vc_col-sm-6 wpb_column vc_column_container \"><input type=\"hidden\" name=\"action\" value=\"theme_contact_form\" \/>\n\t\t\t\t<input type=\"hidden\" name=\"id\" value=\"contact_form\" \/><div class=\"vc_row wpb_row vc_inner\">\n\t\t\t\t<input type=\"submit\" name=\"submit\" value=\"SEND\" class=\"more mc-button\" \/>\n\t\t\t<\/div><\/div><\/div>\n\t<\/form>[\/vc_column][\/vc_row][vc_row][vc_column]<ul class=\"gallery-item-details-list clearfix margin-bottom\"><li id=\"gallery-details-oscar-corbella-granados\" class=\"gallery-item-details clearfix\">\n\t\t\t\t\t<div class=\"vc_row wpb_row vc_row-fluid\">\n\t\t\t\t\t\t<div class=\"vc_col-sm-6 wpb_column vc_column_container\"><div class=\"gallery-box hover-icons-off\"><span class=\"mc-preloader\"><\/span>\n\t\t\t\t\t\t\t\t\t<img loading=\"lazy\" decoding=\"async\" width=\"480\" height=\"300\" src=\"https:\/\/traumare.com\/wp-content\/uploads\/2016\/03\/Equipo-medico-Traumare-Oscar-Corbella-Psicologia-lleida-480x300.jpg\" class=\"mc-preload wp-post-image\" alt=\"\u00d2scar Corbella Granados\" title=\"\" \/>\n\t\t\t\t\t\t\t\t\t<ul class=\"controls\">\n\t\t\t\t\t\t\t\t\t\t<li>\n\t\t\t\t\t\t\t\t\t\t\t<a href=\"http:\/\/www.sanament.com\" class=\"template-plus-2 fancybox-url open-url-lightbox\" rel=\"featured-gallery\"><\/a>\n\t\t\t\t\t\t\t\t\t\t<\/li>\n\t\t\t\t\t\t\t\t\t<\/ul><div class=\"description\">\n\t\t\t\t\t\t\t\t\t\t<h3>\u00d2scar Corbella Granados<\/h3>\n\t\t\t\t\t\t\t\t\t\t<h5>Psic\u00f2leg<\/h5>\n\t\t\t\t\t\t\t\t\t<\/div><\/div><ul class=\"social-icons clearfix\"><li><a class=\"social-facebook\" href=\"https:\/\/www.facebook.com\/traumare\" target=\"_blank\" title=\"\">&nbsp;<\/a><\/li><li><a class=\"social-instagram\" href=\"https:\/\/www.instagram.com\/traumare_rhb\/\" target=\"_blank\" title=\"\">&nbsp;<\/a><\/li><\/ul><\/div>\n\t\t\t\t\t<div class=\"vc_col-sm-6 wpb_column vc_column_container\">\n\t\t\t\t\t\t<div class=\"details-box\"><ul class=\"controls\">\n\t\t\t\t\t\t\t\t\t<li>\n\t\t\t\t\t\t\t\t\t\t<a href=\"#\" class=\"prev template-arrow-horizontal-3\"><\/a>\n\t\t\t\t\t\t\t\t\t<\/li>\n\t\t\t\t\t\t\t\t\t<li>\n\t\t\t\t\t\t\t\t\t\t<a href=\"#\" class=\"next template-arrow-horizontal-3\"><\/a>\n\t\t\t\t\t\t\t\t\t<\/li>\n\t\t\t\t\t\t\t\t\t<li class=\"separator\">&nbsp;<\/li><li>\n\t\t\t\t\t\t\t\t\t\t<a href=\"#gallery-details-close\" class=\"close template-remove-1\"><\/a>\n\t\t\t\t\t\t\t\t\t<\/li>\n\t\t\t\t\t\t\t\t<\/ul><h2 class=\"box-header\"> \u00d2scar Corbella Granados<\/h2><strong>N\u00fam. col\u00b7legiat: 21986<\/strong>\r\n<strong>Formaci\u00f3:<\/strong>\r\n<ul>\r\n \t<li>Llicenciat en Psicologia Cl\u00ednica i de la Salut per la Universitat Oberta de Catalunya.<\/li>\r\n \t<li>Diplomat en Educaci\u00f3 Social per la Universitat de Lleida<\/li>\r\n \t<li>Postgrau en intervenci\u00f3 multidisciplinar dels diferents trastorns emocionals per la Universitat de Val\u00e8ncia.<\/li>\r\n \t<li>M\u00e0ster en tractament multidisciplinar dels trastorns alimentaris, trastorns emocionals i trastorns de personalitat per la fundaci\u00f3 \u201cadeit\u201d de la Universitat de Val\u00e8ncia.<\/li>\r\n<\/ul>\r\n<strong>Altra formaci\u00f3:<\/strong>\r\n<ul>\r\n \t<li>Resoluci\u00f3 de conflictes: Mediaci\u00f3-gesti\u00f3 del conflictiu<\/li>\r\n \t<li>Drogodepend\u00e8ncies<\/li>\r\n \t<li>Promoci\u00f3 de la salut i habilitats per la vida Intel\u00b7lig\u00e8ncies m\u00faltiples<\/li>\r\n \t<li>Factors de resili\u00e8ncia<\/li>\r\n \t<li>Trastorns de conducta en adolescents<\/li>\r\n \t<li>Trasotnrs de conducta en adults amb dismunuci\u00f3 mental<\/li>\r\n \t<li>Transgressi\u00f3 en l\u2019adolesc\u00e8ncia<\/li>\r\n<\/ul>\r\n<strong>Associacions:<\/strong>\r\nActualment mantinc relaci\u00f3 laboral amb l\u2019ASSOCIACI\u00d3 PROSEC de Lleida.\r\nCol\u00b7laboro amb l\u2019Associaci\u00f3 de S\u00edndrome d\u2019Asperger de Lleida.\r\n\r\n<strong><a style=\"color: #9fa43c;\" href=\"http:\/\/www.sanament.com\/\">www.sanament.com<\/a><\/strong><div class=\"item-footer clearfix\"><a title=\"\u00d2scar Corbella Granados\" href=\"https:\/\/traumare.com\/ca\/doctors\/oscar-corbella-granados\/\" class=\"mc-button more light template-arrow-horizontal-1-after\">PROFILE<\/a><\/div><\/div><\/div>\n\t\t\t\t<\/div><li id=\"gallery-details-anabel-gateu-charles\" class=\"gallery-item-details clearfix\">\n\t\t\t\t\t<div class=\"vc_row wpb_row vc_row-fluid\">\n\t\t\t\t\t\t<div class=\"vc_col-sm-6 wpb_column vc_column_container\"><div class=\"gallery-box hover-icons-off\"><span class=\"mc-preloader\"><\/span>\n\t\t\t\t\t\t\t\t\t<img loading=\"lazy\" decoding=\"async\" width=\"480\" height=\"300\" src=\"https:\/\/traumare.com\/wp-content\/uploads\/2020\/02\/Equipo-medico-Traumare-anabel-gateu-charles-psicologia-lleida-480x300.jpeg\" class=\"mc-preload wp-post-image\" alt=\"Anabel Gateu Charles\" title=\"\" \/>\n\t\t\t\t\t\t\t\t\t<ul class=\"controls\">\n\t\t\t\t\t\t\t\t\t\t<li>\n\t\t\t\t\t\t\t\t\t\t\t<a href=\"https:\/\/anabelpsicologa.com\/\" class=\"template-plus-2 fancybox-url open-url-lightbox\" rel=\"featured-gallery\"><\/a>\n\t\t\t\t\t\t\t\t\t\t<\/li>\n\t\t\t\t\t\t\t\t\t<\/ul><div class=\"description\">\n\t\t\t\t\t\t\t\t\t\t<h3>Anabel Gateu Charles<\/h3>\n\t\t\t\t\t\t\t\t\t\t<h5>Psic\u00f2loga<\/h5>\n\t\t\t\t\t\t\t\t\t<\/div><\/div><ul class=\"social-icons clearfix\"><li><a class=\"social-facebook\" href=\"https:\/\/www.facebook.com\/anabelgateupsicologa\/\" target=\"_blank\" title=\"\">&nbsp;<\/a><\/li><li><a class=\"social-instagram\" href=\"https:\/\/www.instagram.com\/psicologa_anabelgateu\/\" target=\"_blank\" title=\"\">&nbsp;<\/a><\/li><\/ul><\/div>\n\t\t\t\t\t<div class=\"vc_col-sm-6 wpb_column vc_column_container\">\n\t\t\t\t\t\t<div class=\"details-box\"><ul class=\"controls\">\n\t\t\t\t\t\t\t\t\t<li>\n\t\t\t\t\t\t\t\t\t\t<a href=\"#\" class=\"prev template-arrow-horizontal-3\"><\/a>\n\t\t\t\t\t\t\t\t\t<\/li>\n\t\t\t\t\t\t\t\t\t<li>\n\t\t\t\t\t\t\t\t\t\t<a href=\"#\" class=\"next template-arrow-horizontal-3\"><\/a>\n\t\t\t\t\t\t\t\t\t<\/li>\n\t\t\t\t\t\t\t\t\t<li class=\"separator\">&nbsp;<\/li><li>\n\t\t\t\t\t\t\t\t\t\t<a href=\"#gallery-details-close\" class=\"close template-remove-1\"><\/a>\n\t\t\t\t\t\t\t\t\t<\/li>\n\t\t\t\t\t\t\t\t<\/ul><h2 class=\"box-header\"> Anabel Gateu Charles<\/h2><strong>N\u00fam. col\u00b7legiat: 26488<\/strong>\r\n<strong>Formaci\u00f3:<\/strong>\r\n<ul>\r\n \t<li>Graduada en Psicologia per la Universitat de Barcelona (UB).<\/li>\r\n \t<li>M\u00e0ster en Psicologia General Sanit\u00e0ria per la Universitat de Lleida (UdL).<\/li>\r\n \t<li>M\u00e0ster Internacional en Psicologia de l'Esport per\u00a0<span class=\"hiddenSpellError\">Esneca<\/span>\u00a0<span class=\"hiddenSpellError\">Business<\/span>\u00a0<span class=\"hiddenSpellError\">School<\/span>.<\/li>\r\n \t<li>Postgrau Expert en Psicologia Infantil i Juvenil per\u00a0<span class=\"hiddenSpellError\">Esneca<\/span>\u00a0<span class=\"hiddenSpellError\">Business<\/span>\u00a0<span class=\"hiddenSpellError\">School<\/span>.<\/li>\r\n \t<li>Experta en <span class=\"hiddenSpellError\">Psiconutrici\u00f3<\/span>\u00a0per l'Institut de Gesti\u00f3 Emocional, Nutrici\u00f3 i Obesitat.<\/li>\r\n \t<li>Experta universit\u00e0ria en ab\u00fas escolar (bullying i ciberbullying) per l'Institut Superior de Formaci\u00f3 Apertura Psicol\u00f2gica (ISFAP).<\/li>\r\n<\/ul>\r\n<strong>Associacions:<\/strong>\r\n\r\nCol\u00b7legi oficial de psic\u00f2legs de Catalunya (COPC)<div class=\"item-footer clearfix\"><a title=\"Anabel Gateu Charles\" href=\"https:\/\/traumare.com\/ca\/doctors\/anabel-gateu-charles\/\" class=\"mc-button more light template-arrow-horizontal-1-after\">PROFILE<\/a><\/div><\/div><\/div>\n\t\t\t\t<\/div><\/ul><h3 class=\"box-header margin-bottom-30\">Quadre M\u00e8dic<\/h3><ul class=\"tabs-navigation isotope-filters clearfix\"><li>\n\t\t\t\t\t\t\t<a href=\"#filter-psicologia\" title=\"Psicologia\">Psicologia<\/a>\n\t\t\t\t\t\t<\/li><li>\n\t\t\t\t\t\t\t<a href=\"#filter-sexologia\" title=\"Sexologia\">Sexologia<\/a>\n\t\t\t\t\t\t<\/li><\/ul><ul class=\"mc-gallery gallery-4-columns dm_filters\"><li class=\"psicologia ver-todos\" id=\"gallery-item-oscar-corbella-granados\">\n\t\t\t\t\t<div class=\"gallery-box gallery-box-1 hover-icons-off\"><span class=\"mc-preloader\"><\/span><img loading=\"lazy\" decoding=\"async\" width=\"225\" height=\"150\" src=\"https:\/\/traumare.com\/wp-content\/uploads\/2016\/03\/Equipo-medico-Traumare-Oscar-Corbella-Psicologia-lleida-225x150.jpg\" class=\"mc-preload wp-post-image\" alt=\"\u00d2scar Corbella Granados\" title=\"\" \/>\n\t\t\t\t\t\t<div class=\"description\">\n\t\t\t\t\t\t\t<h4>\u00d2scar Corbella Granados<\/h4>\n\t\t\t\t\t\t\t<h5>Psic\u00f2leg<\/h5>\n\t\t\t\t\t\t<\/div><ul class=\"social-icons clearfix\"><li><a class=\"social-facebook\" href=\"https:\/\/www.facebook.com\/traumare\" target=\"_blank\" title=\"\">&nbsp;<\/a><\/li><li><a class=\"social-instagram\" href=\"https:\/\/www.instagram.com\/traumare_rhb\/\" target=\"_blank\" title=\"\">&nbsp;<\/a><\/li><\/ul>\n\t\t\t\t\t\t<ul class=\"controls\">\n\t\t\t\t\t\t\t<li>\n\t\t\t\t\t\t\t\t<a href=\"#gallery-details-oscar-corbella-granados\" class=\"template-menu-2 open-details\"><\/a>\n\t\t\t\t\t\t\t<\/li><li><a href=\"http:\/\/www.sanament.com\" class=\"template-plus-2 fancybox-url open-url-lightbox\" rel=\"mcgallery\"><\/a>\n\t\t\t\t\t<\/li><\/ul><\/div><\/li><li class=\"psicologia ver-todos\" id=\"gallery-item-anabel-gateu-charles\">\n\t\t\t\t\t<div class=\"gallery-box gallery-box-2 hover-icons-off\"><span class=\"mc-preloader\"><\/span><img loading=\"lazy\" decoding=\"async\" width=\"225\" height=\"150\" src=\"https:\/\/traumare.com\/wp-content\/uploads\/2020\/02\/Equipo-medico-Traumare-anabel-gateu-charles-psicologia-lleida-225x150.jpeg\" class=\"mc-preload wp-post-image\" alt=\"Anabel Gateu Charles\" title=\"\" \/>\n\t\t\t\t\t\t<div class=\"description\">\n\t\t\t\t\t\t\t<h4>Anabel Gateu Charles<\/h4>\n\t\t\t\t\t\t\t<h5>Psic\u00f2loga<\/h5>\n\t\t\t\t\t\t<\/div><ul class=\"social-icons clearfix\"><li><a class=\"social-facebook\" href=\"https:\/\/www.facebook.com\/anabelgateupsicologa\/\" target=\"_blank\" title=\"\">&nbsp;<\/a><\/li><li><a class=\"social-instagram\" href=\"https:\/\/www.instagram.com\/psicologa_anabelgateu\/\" target=\"_blank\" title=\"\">&nbsp;<\/a><\/li><\/ul>\n\t\t\t\t\t\t<ul class=\"controls\">\n\t\t\t\t\t\t\t<li>\n\t\t\t\t\t\t\t\t<a href=\"#gallery-details-anabel-gateu-charles\" class=\"template-menu-2 open-details\"><\/a>\n\t\t\t\t\t\t\t<\/li><li><a href=\"https:\/\/anabelpsicologa.com\/\" class=\"template-plus-2 fancybox-url open-url-lightbox\" rel=\"mcgallery\"><\/a>\n\t\t\t\t\t<\/li><\/ul><\/div><\/li><\/ul>[\/vc_column][\/vc_row]<\/p>\n","protected":false},"excerpt":{"rendered":"<p>[vc_row][vc_column][vc_column_text][\/vc_column_text][\/vc_column][\/vc_row][vc_row][vc_column width=&#8221;2\/3&#8243;][vc_custom_heading text=&#8221;Psicologia&#8221; font_container=&#8221;tag:h3|text_align:left|color:%239fa43c&#8221; use_theme_fonts=&#8221;yes&#8221;][vc_column_text]Acompanyament, consulta\/conselleria i assessorament en diverses situacions i \/ o moments personals. Conciliaci\u00f3 familiar, trastorns de conducta infantils i adolescents, situacions familiars estressants i dificultats d&#8217;adaptaci\u00f3 en nens a causa de qualsevol causa: dificultats intel\u00b7lectuals, dificultats d&#8217;aprenentatge, espectre autista. Trastorns emocionals: F\u00f2bia espec\u00edfica, f\u00f2bia social, trastorn de Panic, estr\u00e8s posttraum\u00e0tic, trastorn<\/p>\n","protected":false},"author":1,"featured_media":0,"parent":0,"menu_order":0,"comment_status":"closed","ping_status":"closed","template":"","meta":{"_monsterinsights_skip_tracking":false,"_monsterinsights_sitenote_active":false,"_monsterinsights_sitenote_note":"","_monsterinsights_sitenote_category":0,"footnotes":""},"yoast_head":"<!-- This site is optimized with the Yoast SEO plugin v21.8 - https:\/\/yoast.com\/wordpress\/plugins\/seo\/ -->\n<title>Psicolog\u00eda y sexolog\u00eda. Traumare, centro m\u00e9dico y rehabilitaci\u00f3n en Lleida<\/title>\n<meta name=\"description\" content=\"Psicolog\u00eda y sexolog\u00eda cl\u00ednica y medicina conductual: Trastornos de la conducta, alimentaria, disfunciones sexuales, coaching para la motivaci\u00f3n...\" \/>\n<meta name=\"robots\" content=\"index, follow, max-snippet:-1, max-image-preview:large, max-video-preview:-1\" \/>\n<link rel=\"canonical\" href=\"http:\/\/traumare.com\/es\/psicologia-y-sexologia\/\" \/>\n<meta property=\"og:locale\" content=\"ca_ES\" \/>\n<meta property=\"og:type\" content=\"article\" \/>\n<meta property=\"og:title\" content=\"Psicolog\u00eda y sexolog\u00eda. Traumare, centro m\u00e9dico y rehabilitaci\u00f3n en Lleida\" \/>\n<meta property=\"og:description\" content=\"Psicolog\u00eda y sexolog\u00eda cl\u00ednica y medicina conductual: Trastornos de la conducta, alimentaria, disfunciones sexuales, coaching para la motivaci\u00f3n...\" \/>\n<meta property=\"og:url\" content=\"http:\/\/traumare.com\/es\/psicologia-y-sexologia\/\" \/>\n<meta property=\"og:site_name\" content=\"TRAUMARE\" \/>\n<meta property=\"article:publisher\" content=\"https:\/\/www.facebook.com\/traumare\" \/>\n<meta property=\"article:modified_time\" content=\"2018-06-13T16:19:22+00:00\" \/>\n<meta property=\"og:image\" content=\"https:\/\/traumare.com\/wp-content\/uploads\/2014\/11\/logo-quadrat.jpg\" \/>\n\t<meta property=\"og:image:width\" content=\"252\" \/>\n\t<meta property=\"og:image:height\" content=\"179\" \/>\n\t<meta property=\"og:image:type\" content=\"image\/jpeg\" \/>\n<meta name=\"twitter:label1\" content=\"Est. reading time\" \/>\n\t<meta name=\"twitter:data1\" content=\"2 minutes\" \/>\n<script type=\"application\/ld+json\" class=\"yoast-schema-graph\">{\"@context\":\"https:\/\/schema.org\",\"@graph\":[{\"@type\":\"WebPage\",\"@id\":\"http:\/\/traumare.com\/es\/psicologia-y-sexologia\/\",\"url\":\"http:\/\/traumare.com\/es\/psicologia-y-sexologia\/\",\"name\":\"Psicolog\u00eda y sexolog\u00eda. Traumare, centro m\u00e9dico y rehabilitaci\u00f3n en Lleida\",\"isPartOf\":{\"@id\":\"http:\/\/traumare.com\/ca\/#website\"},\"datePublished\":\"2015-12-30T14:37:49+00:00\",\"dateModified\":\"2018-06-13T16:19:22+00:00\",\"description\":\"Psicolog\u00eda y sexolog\u00eda cl\u00ednica y medicina conductual: Trastornos de la conducta, alimentaria, disfunciones sexuales, coaching para la motivaci\u00f3n...\",\"breadcrumb\":{\"@id\":\"http:\/\/traumare.com\/es\/psicologia-y-sexologia\/#breadcrumb\"},\"inLanguage\":\"ca-ES\",\"potentialAction\":[{\"@type\":\"ReadAction\",\"target\":[\"http:\/\/traumare.com\/es\/psicologia-y-sexologia\/\"]}]},{\"@type\":\"BreadcrumbList\",\"@id\":\"http:\/\/traumare.com\/es\/psicologia-y-sexologia\/#breadcrumb\",\"itemListElement\":[{\"@type\":\"ListItem\",\"position\":1,\"name\":\"Inici\",\"item\":\"https:\/\/traumare.com\/ca\/\"},{\"@type\":\"ListItem\",\"position\":2,\"name\":\"Psicolog\u00eda y sexolog\u00eda\"}]},{\"@type\":\"WebSite\",\"@id\":\"http:\/\/traumare.com\/ca\/#website\",\"url\":\"http:\/\/traumare.com\/ca\/\",\"name\":\"TRAUMARE\",\"description\":\"\",\"potentialAction\":[{\"@type\":\"SearchAction\",\"target\":{\"@type\":\"EntryPoint\",\"urlTemplate\":\"http:\/\/traumare.com\/ca\/?s={search_term_string}\"},\"query-input\":\"required name=search_term_string\"}],\"inLanguage\":\"ca-ES\"}]}<\/script>\n<!-- \/ Yoast SEO plugin. -->","yoast_head_json":{"title":"Psicolog\u00eda y sexolog\u00eda. Traumare, centro m\u00e9dico y rehabilitaci\u00f3n en Lleida","description":"Psicolog\u00eda y sexolog\u00eda cl\u00ednica y medicina conductual: Trastornos de la conducta, alimentaria, disfunciones sexuales, coaching para la motivaci\u00f3n...","robots":{"index":"index","follow":"follow","max-snippet":"max-snippet:-1","max-image-preview":"max-image-preview:large","max-video-preview":"max-video-preview:-1"},"canonical":"http:\/\/traumare.com\/es\/psicologia-y-sexologia\/","og_locale":"ca_ES","og_type":"article","og_title":"Psicolog\u00eda y sexolog\u00eda. Traumare, centro m\u00e9dico y rehabilitaci\u00f3n en Lleida","og_description":"Psicolog\u00eda y sexolog\u00eda cl\u00ednica y medicina conductual: Trastornos de la conducta, alimentaria, disfunciones sexuales, coaching para la motivaci\u00f3n...","og_url":"http:\/\/traumare.com\/es\/psicologia-y-sexologia\/","og_site_name":"TRAUMARE","article_publisher":"https:\/\/www.facebook.com\/traumare","article_modified_time":"2018-06-13T16:19:22+00:00","og_image":[{"width":252,"height":179,"url":"https:\/\/traumare.com\/wp-content\/uploads\/2014\/11\/logo-quadrat.jpg","type":"image\/jpeg"}],"twitter_misc":{"Est. reading time":"2 minutes"},"schema":{"@context":"https:\/\/schema.org","@graph":[{"@type":"WebPage","@id":"http:\/\/traumare.com\/es\/psicologia-y-sexologia\/","url":"http:\/\/traumare.com\/es\/psicologia-y-sexologia\/","name":"Psicolog\u00eda y sexolog\u00eda. Traumare, centro m\u00e9dico y rehabilitaci\u00f3n en Lleida","isPartOf":{"@id":"http:\/\/traumare.com\/ca\/#website"},"datePublished":"2015-12-30T14:37:49+00:00","dateModified":"2018-06-13T16:19:22+00:00","description":"Psicolog\u00eda y sexolog\u00eda cl\u00ednica y medicina conductual: Trastornos de la conducta, alimentaria, disfunciones sexuales, coaching para la motivaci\u00f3n...","breadcrumb":{"@id":"http:\/\/traumare.com\/es\/psicologia-y-sexologia\/#breadcrumb"},"inLanguage":"ca-ES","potentialAction":[{"@type":"ReadAction","target":["http:\/\/traumare.com\/es\/psicologia-y-sexologia\/"]}]},{"@type":"BreadcrumbList","@id":"http:\/\/traumare.com\/es\/psicologia-y-sexologia\/#breadcrumb","itemListElement":[{"@type":"ListItem","position":1,"name":"Inici","item":"https:\/\/traumare.com\/ca\/"},{"@type":"ListItem","position":2,"name":"Psicolog\u00eda y sexolog\u00eda"}]},{"@type":"WebSite","@id":"http:\/\/traumare.com\/ca\/#website","url":"http:\/\/traumare.com\/ca\/","name":"TRAUMARE","description":"","potentialAction":[{"@type":"SearchAction","target":{"@type":"EntryPoint","urlTemplate":"http:\/\/traumare.com\/ca\/?s={search_term_string}"},"query-input":"required name=search_term_string"}],"inLanguage":"ca-ES"}]}},"_links":{"self":[{"href":"https:\/\/traumare.com\/ca\/wp-json\/wp\/v2\/pages\/624"}],"collection":[{"href":"https:\/\/traumare.com\/ca\/wp-json\/wp\/v2\/pages"}],"about":[{"href":"https:\/\/traumare.com\/ca\/wp-json\/wp\/v2\/types\/page"}],"author":[{"embeddable":true,"href":"https:\/\/traumare.com\/ca\/wp-json\/wp\/v2\/users\/1"}],"replies":[{"embeddable":true,"href":"https:\/\/traumare.com\/ca\/wp-json\/wp\/v2\/comments?post=624"}],"version-history":[{"count":0,"href":"https:\/\/traumare.com\/ca\/wp-json\/wp\/v2\/pages\/624\/revisions"}],"wp:attachment":[{"href":"https:\/\/traumare.com\/ca\/wp-json\/wp\/v2\/media?parent=624"}],"curies":[{"name":"wp","href":"https:\/\/api.w.org\/{rel}","templated":true}]}}