{"id":266,"date":"2015-02-02T16:17:02","date_gmt":"2015-02-02T16:17:02","guid":{"rendered":"http:\/\/traumare.com\/?page_id=266"},"modified":"2023-01-17T16:56:33","modified_gmt":"2023-01-17T16:56:33","slug":"inici","status":"publish","type":"page","link":"https:\/\/traumare.com\/ca\/","title":{"rendered":"Inici"},"content":{"rendered":"<p>[vc_row][vc_column][vc_column_text css=&#8221;.vc_custom_1667835232838{margin-top: 20px !important;margin-bottom: 20px !important;}&#8221;]<\/p>\n<h2 class=\"p1\" style=\"text-align: center;\"><span class=\"s1\" style=\"color: #044169;\">TRAUMARE, CENTRE M\u00c8DIC. ARA MES A PROP TEU<\/span><\/h2>\n<h4 class=\"p1\" style=\"text-align: center;\"><span class=\"s1\" style=\"color: #044169;\">Horari d&#8217;atenci\u00f3: de dilluns a divendres de\u00a0<\/span><span class=\"s1\" style=\"color: #044169;\">9 a 14 h i de 16 a 20 h<\/span><\/h4>\n<h1 class=\"p1\" style=\"text-align: center;\"><strong><span class=\"s1\" style=\"color: #9fa43c;\">Tel. 973 26 85 99<\/span><\/strong><\/h1>\n<p style=\"text-align: center!important; margin-bottom: -120px;\"><a class=\"zl-facility-url\" href=\"https:\/\/www.doctoralia.es\/clinicas\/traumare\" rel=\"nofollow\" data-zlw-facility=\"traumare\" data-zlw-type=\"facility-button\" data-zlw-saas-only=\"false\">Traumare<\/a><\/p>\n<p><script>!function($_x,_s,id){var js,fjs=$_x.getElementsByTagName(_s)[0];if(!$_x.getElementById(id)){js = $_x.createElement(_s);js.id = id;js.src = \"\/\/platform.docplanner.com\/js\/widget.js\";fjs.parentNode.insertBefore(js,fjs);}}(document,\"script\",\"zl-widget-s\");<\/script>[\/vc_column_text][\/vc_column][\/vc_row][vc_row][vc_column]<h3 class=\"box-header margin-bottom-30\">Quadre m\u00e8dic traumatologia i assist\u00e8ncia lesionat tr\u00e0nsit<\/h3><ul class=\"tabs-navigation isotope-filters clearfix\"><\/ul><ul class=\"mc-gallery gallery-4-columns dm_filters\"><li class=\"traumatologia ver-todos\" id=\"gallery-item-dr-jose-maria-cardona-vernet-2\">\n\t\t\t\t\t<div class=\"gallery-box gallery-box-1 hover-icons-off\"><span class=\"mc-preloader\"><\/span><img loading=\"lazy\" decoding=\"async\" width=\"225\" height=\"150\" src=\"https:\/\/traumare.com\/wp-content\/uploads\/2016\/02\/Equipo-medico-Traumare-Dr-Jose-Maria-Cardona-Vernet-traumatologo-lleida-225x150.jpg\" class=\"mc-preload wp-post-image\" alt=\"Dr. Jos\u00e9 Mar\u00eda Cardona Vernet\" title=\"\" \/>\n\t\t\t\t\t\t<div class=\"description\">\n\t\t\t\t\t\t\t<h4>Dr. Jos\u00e9 Mar\u00eda Cardona Vernet<\/h4>\n\t\t\t\t\t\t\t<h5>Traumat\u00f2leg<\/h5>\n\t\t\t\t\t\t<\/div>\n\t\t\t\t\t\t<ul class=\"controls\">\n\t\t\t\t\t\t\t<li>\n\t\t\t\t\t\t\t\t<a href=\"https:\/\/traumare.com\/ca\/doctors\/dr-jose-maria-cardona-vernet-2\/\" class=\"template-menu-2 open-details\"><\/a>\n\t\t\t\t\t\t\t<\/li><li><a href=\"https:\/\/traumare.com\/wp-content\/uploads\/2016\/02\/Equipo-medico-Traumare-Dr-Jose-Maria-Cardona-Vernet-traumatologo-lleida.jpg\" class=\"template-plus-2 fancybox open-lightbox\" rel=\"mcgallery\"><\/a>\n\t\t\t\t\t<\/li><\/ul><\/div><\/li><li class=\"traumatologia ver-todos\" id=\"gallery-item-dr-adolfo-lafuente-cuenca\">\n\t\t\t\t\t<div class=\"gallery-box gallery-box-2 hover-icons-off\"><span class=\"mc-preloader\"><\/span><img loading=\"lazy\" decoding=\"async\" width=\"225\" height=\"150\" src=\"https:\/\/traumare.com\/wp-content\/uploads\/2016\/01\/Equipo-medico-Traumare-Dr-Lafuente-traumatologo-lleida-225x150.jpg\" class=\"mc-preload wp-post-image\" alt=\"Dr. Adolfo Lafuente Cuenca\" title=\"\" \/>\n\t\t\t\t\t\t<div class=\"description\">\n\t\t\t\t\t\t\t<h4>Dr. Adolfo Lafuente Cuenca<\/h4>\n\t\t\t\t\t\t\t<h5>Traumat\u00f2leg<\/h5>\n\t\t\t\t\t\t<\/div>\n\t\t\t\t\t\t<ul class=\"controls\">\n\t\t\t\t\t\t\t<li>\n\t\t\t\t\t\t\t\t<a href=\"https:\/\/traumare.com\/ca\/doctors\/dr-adolfo-lafuente-cuenca\/\" class=\"template-menu-2 open-details\"><\/a>\n\t\t\t\t\t\t\t<\/li><li><a href=\"https:\/\/traumare.com\/wp-content\/uploads\/2016\/01\/Equipo-medico-Traumare-Dr-Lafuente-traumatologo-lleida.jpg\" class=\"template-plus-2 fancybox open-lightbox\" rel=\"mcgallery\"><\/a>\n\t\t\t\t\t<\/li><\/ul><\/div><\/li><\/ul>[\/vc_column][\/vc_row][vc_row][vc_column]<h3 class=\"box-header margin-bottom-30\">Quadre m\u00e8dic fisioter\u00e0pia i rehabilitaci\u00f3<\/h3><ul class=\"tabs-navigation isotope-filters clearfix\"><\/ul><ul class=\"mc-gallery gallery-4-columns dm_filters\"><li class=\"fisioterapia-y-rehabilitacion ver-todos\" id=\"gallery-item-sandra-godia-gonzalez\">\n\t\t\t\t\t<div class=\"gallery-box gallery-box-1 hover-icons-off\"><span class=\"mc-preloader\"><\/span><img loading=\"lazy\" decoding=\"async\" width=\"225\" height=\"150\" src=\"https:\/\/traumare.com\/wp-content\/uploads\/2016\/01\/Equipo-medico-Traumare-Sandra-Godia-fisioterapia-rehabilitacio-lleida-225x150.jpg\" class=\"mc-preload wp-post-image\" alt=\"Sandra Godia Gonz\u00e1lez\" title=\"\" \/>\n\t\t\t\t\t\t<div class=\"description\">\n\t\t\t\t\t\t\t<h4>Sandra Godia Gonz\u00e1lez<\/h4>\n\t\t\t\t\t\t\t<h5>Fisioterapeuta<\/h5>\n\t\t\t\t\t\t<\/div>\n\t\t\t\t\t\t<ul class=\"controls\">\n\t\t\t\t\t\t\t<li>\n\t\t\t\t\t\t\t\t<a href=\"https:\/\/traumare.com\/ca\/doctors\/sandra-godia-gonzalez\/\" class=\"template-menu-2 open-details\"><\/a>\n\t\t\t\t\t\t\t<\/li><li><a href=\"https:\/\/traumare.com\/wp-content\/uploads\/2016\/01\/Equipo-medico-Traumare-Sandra-Godia-fisioterapia-rehabilitacio-lleida.jpg\" class=\"template-plus-2 fancybox open-lightbox\" rel=\"mcgallery\"><\/a>\n\t\t\t\t\t<\/li><\/ul><\/div><\/li><li class=\"fisioterapia-y-rehabilitacion ver-todos\" id=\"gallery-item-naomi-roque-pelaez\">\n\t\t\t\t\t<div class=\"gallery-box gallery-box-2 hover-icons-off\"><span class=\"mc-preloader\"><\/span><img loading=\"lazy\" decoding=\"async\" width=\"225\" height=\"150\" src=\"https:\/\/traumare.com\/wp-content\/uploads\/2019\/01\/Equipo-medico-Traumare-Naomi-Roque-fisioterapia_lleida-225x150.jpg\" class=\"mc-preload wp-post-image\" alt=\"Naomi Roque Pel\u00e1ez\" title=\"\" \/>\n\t\t\t\t\t\t<div class=\"description\">\n\t\t\t\t\t\t\t<h4>Naomi Roque Pel\u00e1ez<\/h4>\n\t\t\t\t\t\t\t<h5>Fisioterapeuta<\/h5>\n\t\t\t\t\t\t<\/div>\n\t\t\t\t\t\t<ul class=\"controls\">\n\t\t\t\t\t\t\t<li>\n\t\t\t\t\t\t\t\t<a href=\"https:\/\/traumare.com\/ca\/doctors\/naomi-roque-pelaez\/\" class=\"template-menu-2 open-details\"><\/a>\n\t\t\t\t\t\t\t<\/li><li><a href=\"https:\/\/traumare.com\/wp-content\/uploads\/2019\/01\/Equipo-medico-Traumare-Naomi-Roque-fisioterapia_lleida.jpg\" class=\"template-plus-2 fancybox open-lightbox\" rel=\"mcgallery\"><\/a>\n\t\t\t\t\t<\/li><\/ul><\/div><\/li><li class=\"fisioterapia-y-rehabilitacion ver-todos\" id=\"gallery-item-mikaela-ivaniva-gugova\">\n\t\t\t\t\t<div class=\"gallery-box gallery-box-3 hover-icons-off\"><span class=\"mc-preloader\"><\/span><img loading=\"lazy\" decoding=\"async\" width=\"225\" height=\"150\" src=\"https:\/\/traumare.com\/wp-content\/uploads\/2019\/01\/Equipo-medico-Traumare-Mikaela-Ivaniva-lleida-fisioterapia-225x150.jpg\" class=\"mc-preload wp-post-image\" alt=\"Mikaela Ivaniva Gugova\" title=\"\" \/>\n\t\t\t\t\t\t<div class=\"description\">\n\t\t\t\t\t\t\t<h4>Mikaela Ivaniva Gugova<\/h4>\n\t\t\t\t\t\t\t<h5>Fisioterapeuta<\/h5>\n\t\t\t\t\t\t<\/div>\n\t\t\t\t\t\t<ul class=\"controls\">\n\t\t\t\t\t\t\t<li>\n\t\t\t\t\t\t\t\t<a href=\"https:\/\/traumare.com\/ca\/doctors\/mikaela-ivaniva-gugova\/\" class=\"template-menu-2 open-details\"><\/a>\n\t\t\t\t\t\t\t<\/li><li><a href=\"https:\/\/traumare.com\/wp-content\/uploads\/2019\/01\/Equipo-medico-Traumare-Mikaela-Ivaniva-lleida-fisioterapia.jpg\" class=\"template-plus-2 fancybox open-lightbox\" rel=\"mcgallery\" title=\"http:\/\/traumare.com\/wp-content\/uploads\/2015\/12\/05179b63-55d5-48c2-8303-1551743d6322.jpeg\"><\/a>\n\t\t\t\t\t<\/li><\/ul><\/div><\/li><li class=\"fisioterapia-y-rehabilitacion ver-todos\" id=\"gallery-item-marc-gonzalez-franque\">\n\t\t\t\t\t<div class=\"gallery-box gallery-box-4 hover-icons-off\"><span class=\"mc-preloader\"><\/span><img loading=\"lazy\" decoding=\"async\" width=\"285\" height=\"190\" src=\"https:\/\/traumare.com\/wp-content\/uploads\/2023\/01\/MARC-GONZALEZ-traumare-1-285x190.jpg\" class=\"mc-preload wp-post-image\" alt=\"Marc Gonzalez Franqu\u00e9\" title=\"\" srcset=\"https:\/\/traumare.com\/wp-content\/uploads\/2023\/01\/MARC-GONZALEZ-traumare-1-285x190.jpg 285w, https:\/\/traumare.com\/wp-content\/uploads\/2023\/01\/MARC-GONZALEZ-traumare-1-480x320.jpg 480w, https:\/\/traumare.com\/wp-content\/uploads\/2023\/01\/MARC-GONZALEZ-traumare-1-390x260.jpg 390w\" sizes=\"(max-width: 285px) 100vw, 285px\" \/>\n\t\t\t\t\t\t<div class=\"description\">\n\t\t\t\t\t\t\t<h4>Marc Gonzalez Franqu\u00e9<\/h4>\n\t\t\t\t\t\t\t<h5>Fisioterapeuta<\/h5>\n\t\t\t\t\t\t<\/div>\n\t\t\t\t\t\t<ul class=\"controls\">\n\t\t\t\t\t\t\t<li>\n\t\t\t\t\t\t\t\t<a href=\"https:\/\/traumare.com\/ca\/doctors\/marc-gonzalez-franque\/\" class=\"template-menu-2 open-details\"><\/a>\n\t\t\t\t\t\t\t<\/li><li><a href=\"https:\/\/traumare.com\/wp-content\/uploads\/2023\/01\/MARC-GONZALEZ-traumare-1.jpg\" class=\"template-plus-2 fancybox open-lightbox\" rel=\"mcgallery\"><\/a>\n\t\t\t\t\t<\/li><\/ul><\/div><\/li><li class=\"fisioterapia-y-rehabilitacion ver-todos\" id=\"gallery-item-xavi-mir-bergada\">\n\t\t\t\t\t<div class=\"gallery-box gallery-box-5 hover-icons-off\"><span class=\"mc-preloader\"><\/span><img loading=\"lazy\" decoding=\"async\" width=\"285\" height=\"190\" src=\"https:\/\/traumare.com\/wp-content\/uploads\/2023\/01\/Xavier-mir-traumare-1-285x190.jpg\" class=\"mc-preload wp-post-image\" alt=\"XAVI MIR BERGADA\" title=\"\" srcset=\"https:\/\/traumare.com\/wp-content\/uploads\/2023\/01\/Xavier-mir-traumare-1-285x190.jpg 285w, https:\/\/traumare.com\/wp-content\/uploads\/2023\/01\/Xavier-mir-traumare-1-480x320.jpg 480w, https:\/\/traumare.com\/wp-content\/uploads\/2023\/01\/Xavier-mir-traumare-1-390x260.jpg 390w\" sizes=\"(max-width: 285px) 100vw, 285px\" \/>\n\t\t\t\t\t\t<div class=\"description\">\n\t\t\t\t\t\t\t<h4>XAVI MIR BERGADA<\/h4>\n\t\t\t\t\t\t\t<h5>Fisioterapeuta<\/h5>\n\t\t\t\t\t\t<\/div>\n\t\t\t\t\t\t<ul class=\"controls\">\n\t\t\t\t\t\t\t<li>\n\t\t\t\t\t\t\t\t<a href=\"https:\/\/traumare.com\/ca\/doctors\/xavi-mir-bergada\/\" class=\"template-menu-2 open-details\"><\/a>\n\t\t\t\t\t\t\t<\/li><li><a href=\"https:\/\/traumare.com\/wp-content\/uploads\/2023\/01\/Xavier-mir-traumare-1.jpg\" class=\"template-plus-2 fancybox open-lightbox\" rel=\"mcgallery\"><\/a>\n\t\t\t\t\t<\/li><\/ul><\/div><\/li><\/ul>[\/vc_column][\/vc_row][vc_row][vc_column]<h3 class=\"box-header margin-bottom-30\">Quadre m\u00e8dic altres especialitats<\/h3><ul class=\"tabs-navigation isotope-filters clearfix\"><\/ul><ul class=\"mc-gallery gallery-4-columns dm_filters\"><li class=\"psicologia ver-todos\" id=\"gallery-item-oscar-corbella-granados\">\n\t\t\t\t\t<div class=\"gallery-box gallery-box-1 hover-icons-off\"><span class=\"mc-preloader\"><\/span><img loading=\"lazy\" decoding=\"async\" width=\"225\" height=\"150\" src=\"https:\/\/traumare.com\/wp-content\/uploads\/2016\/03\/Equipo-medico-Traumare-Oscar-Corbella-Psicologia-lleida-225x150.jpg\" class=\"mc-preload wp-post-image\" alt=\"\u00d2scar Corbella Granados\" title=\"\" \/>\n\t\t\t\t\t\t<div class=\"description\">\n\t\t\t\t\t\t\t<h4>\u00d2scar Corbella Granados<\/h4>\n\t\t\t\t\t\t\t<h5>Psic\u00f2leg<\/h5>\n\t\t\t\t\t\t<\/div>\n\t\t\t\t\t\t<ul class=\"controls\">\n\t\t\t\t\t\t\t<li>\n\t\t\t\t\t\t\t\t<a href=\"https:\/\/traumare.com\/ca\/doctors\/oscar-corbella-granados\/\" class=\"template-menu-2 open-details\"><\/a>\n\t\t\t\t\t\t\t<\/li><li><a href=\"http:\/\/www.sanament.com\" class=\"template-plus-2 fancybox-url open-url-lightbox\" rel=\"mcgallery\"><\/a>\n\t\t\t\t\t<\/li><\/ul><\/div><\/li><li class=\"dietetica-y-nutricion ver-todos\" id=\"gallery-item-maria-gil\">\n\t\t\t\t\t<div class=\"gallery-box gallery-box-2 hover-icons-off\"><span class=\"mc-preloader\"><\/span><img loading=\"lazy\" decoding=\"async\" width=\"225\" height=\"150\" src=\"https:\/\/traumare.com\/wp-content\/uploads\/2015\/12\/Equipo-medico-Traumare-Maria-Gil-nutricion-lleida-225x150.jpg\" class=\"mc-preload wp-post-image\" alt=\"Maria Gil\" title=\"\" \/>\n\t\t\t\t\t\t<div class=\"description\">\n\t\t\t\t\t\t\t<h4>Maria Gil<\/h4>\n\t\t\t\t\t\t\t<h5>Nutricionista Cl\u00ednica i Esportiva<\/h5>\n\t\t\t\t\t\t<\/div>\n\t\t\t\t\t\t<ul class=\"controls\">\n\t\t\t\t\t\t\t<li>\n\t\t\t\t\t\t\t\t<a href=\"https:\/\/traumare.com\/ca\/doctors\/maria-gil\/\" class=\"template-menu-2 open-details\"><\/a>\n\t\t\t\t\t\t\t<\/li><li><a href=\"http:\/\/www.mariagilnutricionista.com\" class=\"template-plus-2 fancybox-url open-url-lightbox\" rel=\"mcgallery\"><\/a>\n\t\t\t\t\t<\/li><\/ul><\/div><\/li><li class=\"acupuntura ver-todos\" id=\"gallery-item-isabel-loizu\">\n\t\t\t\t\t<div class=\"gallery-box gallery-box-3 hover-icons-off\"><span class=\"mc-preloader\"><\/span><img loading=\"lazy\" decoding=\"async\" width=\"225\" height=\"150\" src=\"https:\/\/traumare.com\/wp-content\/uploads\/2016\/01\/Equipo-medico-Traumare-Isabel-Loizu-acupuntura-lleida-225x150.jpg\" class=\"mc-preload wp-post-image\" alt=\"Isabel Loizu\" title=\"\" \/>\n\t\t\t\t\t\t<div class=\"description\">\n\t\t\t\t\t\t\t<h4>Isabel Loizu<\/h4>\n\t\t\t\t\t\t\t<h5>Acupuntora<\/h5>\n\t\t\t\t\t\t<\/div>\n\t\t\t\t\t\t<ul class=\"controls\">\n\t\t\t\t\t\t\t<li>\n\t\t\t\t\t\t\t\t<a href=\"https:\/\/traumare.com\/ca\/doctors\/isabel-loizu\/\" class=\"template-menu-2 open-details\"><\/a>\n\t\t\t\t\t\t\t<\/li><li><a href=\"http:\/\/www.acupunturalleida.com\/\" class=\"template-plus-2 fancybox-url open-url-lightbox\" rel=\"mcgallery\"><\/a>\n\t\t\t\t\t<\/li><\/ul><\/div><\/li><li class=\"dermatologia ver-todos\" id=\"gallery-item-dr-rafael-aguayo-ortiz\">\n\t\t\t\t\t<div class=\"gallery-box gallery-box-4 hover-icons-off\"><span class=\"mc-preloader\"><\/span><img loading=\"lazy\" decoding=\"async\" width=\"225\" height=\"150\" src=\"https:\/\/traumare.com\/wp-content\/uploads\/2020\/02\/Equipo-medico-Agen-Clinics-dermatologia-lleida-225x150.jpg\" class=\"mc-preload wp-post-image\" alt=\"Dr. Rafael Aguayo Ortiz\" title=\"\" \/>\n\t\t\t\t\t\t<div class=\"description\">\n\t\t\t\t\t\t\t<h4>Dr. Rafael Aguayo Ortiz<\/h4>\n\t\t\t\t\t\t\t<h5>Dermat\u00f2leg<\/h5>\n\t\t\t\t\t\t<\/div>\n\t\t\t\t\t\t<ul class=\"controls\">\n\t\t\t\t\t\t\t<li>\n\t\t\t\t\t\t\t\t<a href=\"https:\/\/traumare.com\/ca\/doctors\/dr-rafael-aguayo-ortiz\/\" class=\"template-menu-2 open-details\"><\/a>\n\t\t\t\t\t\t\t<\/li><li><a href=\"https:\/\/traumare.com\/wp-content\/uploads\/2020\/02\/Equipo-medico-Agen-Clinics-dermatologia-lleida.jpg\" class=\"template-plus-2 fancybox open-lightbox\" rel=\"mcgallery\"><\/a>\n\t\t\t\t\t<\/li><\/ul><\/div><\/li><li class=\"dermatologia ver-todos\" id=\"gallery-item-espanol-dr-josep-manel-fernandez-armenteros\">\n\t\t\t\t\t<div class=\"gallery-box gallery-box-5 hover-icons-off\"><span class=\"mc-preloader\"><\/span><img loading=\"lazy\" decoding=\"async\" width=\"225\" height=\"150\" src=\"https:\/\/traumare.com\/wp-content\/uploads\/2020\/02\/Equipo-medico-Agen-Clinics-dermatologia-lleida-225x150.jpg\" class=\"mc-preload wp-post-image\" alt=\"Dr. Josep Manel Fern\u00e1ndez Armenteros\" title=\"\" \/>\n\t\t\t\t\t\t<div class=\"description\">\n\t\t\t\t\t\t\t<h4>Dr. Josep Manel Fern\u00e1ndez Armenteros<\/h4>\n\t\t\t\t\t\t\t<h5>Dermat\u00f2leg<\/h5>\n\t\t\t\t\t\t<\/div>\n\t\t\t\t\t\t<ul class=\"controls\">\n\t\t\t\t\t\t\t<li>\n\t\t\t\t\t\t\t\t<a href=\"https:\/\/traumare.com\/ca\/doctors\/espanol-dr-josep-manel-fernandez-armenteros\/\" class=\"template-menu-2 open-details\"><\/a>\n\t\t\t\t\t\t\t<\/li><li><a href=\"https:\/\/traumare.com\/wp-content\/uploads\/2020\/02\/Equipo-medico-Agen-Clinics-dermatologia-lleida.jpg\" class=\"template-plus-2 fancybox open-lightbox\" rel=\"mcgallery\" title=\"test\"><\/a>\n\t\t\t\t\t<\/li><\/ul><\/div><\/li><li class=\"medicina-de-familia ver-todos\" id=\"gallery-item-dr-antoni-encinas-pinol\">\n\t\t\t\t\t<div class=\"gallery-box gallery-box-6 hover-icons-off\"><span class=\"mc-preloader\"><\/span><img loading=\"lazy\" decoding=\"async\" width=\"225\" height=\"150\" src=\"https:\/\/traumare.com\/wp-content\/uploads\/2016\/07\/Equipo-medico-Traumare-Encinas-medicina-familiar-lleida-225x150.jpg\" class=\"mc-preload wp-post-image\" alt=\"Dr. Antoni Encinas Pi\u00f1ol\" title=\"\" \/>\n\t\t\t\t\t\t<div class=\"description\">\n\t\t\t\t\t\t\t<h4>Dr. Antoni Encinas Pi\u00f1ol<\/h4>\n\t\t\t\t\t\t\t<h5>Metge de Fam\u00edlia<\/h5>\n\t\t\t\t\t\t<\/div>\n\t\t\t\t\t\t<ul class=\"controls\">\n\t\t\t\t\t\t\t<li>\n\t\t\t\t\t\t\t\t<a href=\"https:\/\/traumare.com\/ca\/doctors\/dr-antoni-encinas-pinol\/\" class=\"template-menu-2 open-details\"><\/a>\n\t\t\t\t\t\t\t<\/li><li><a href=\"https:\/\/traumare.com\/wp-content\/uploads\/2016\/07\/Equipo-medico-Traumare-Encinas-medicina-familiar-lleida.jpg\" class=\"template-plus-2 fancybox open-lightbox\" rel=\"mcgallery\"><\/a>\n\t\t\t\t\t<\/li><\/ul><\/div><\/li><li class=\"psicologia ver-todos\" id=\"gallery-item-anabel-gateu-charles\">\n\t\t\t\t\t<div class=\"gallery-box gallery-box-7 hover-icons-off\"><span class=\"mc-preloader\"><\/span><img loading=\"lazy\" decoding=\"async\" width=\"225\" height=\"150\" src=\"https:\/\/traumare.com\/wp-content\/uploads\/2020\/02\/Equipo-medico-Traumare-anabel-gateu-charles-psicologia-lleida-225x150.jpeg\" class=\"mc-preload wp-post-image\" alt=\"Anabel Gateu Charles\" title=\"\" \/>\n\t\t\t\t\t\t<div class=\"description\">\n\t\t\t\t\t\t\t<h4>Anabel Gateu Charles<\/h4>\n\t\t\t\t\t\t\t<h5>Psic\u00f2loga<\/h5>\n\t\t\t\t\t\t<\/div>\n\t\t\t\t\t\t<ul class=\"controls\">\n\t\t\t\t\t\t\t<li>\n\t\t\t\t\t\t\t\t<a href=\"https:\/\/traumare.com\/ca\/doctors\/anabel-gateu-charles\/\" class=\"template-menu-2 open-details\"><\/a>\n\t\t\t\t\t\t\t<\/li><li><a href=\"https:\/\/anabelpsicologa.com\/\" class=\"template-plus-2 fancybox-url open-url-lightbox\" rel=\"mcgallery\"><\/a>\n\t\t\t\t\t<\/li><\/ul><\/div><\/li><\/ul>[\/vc_column][\/vc_row]<\/p>\n","protected":false},"excerpt":{"rendered":"<p>[vc_row][vc_column][vc_column_text css=&#8221;.vc_custom_1667835232838{margin-top: 20px !important;margin-bottom: 20px !important;}&#8221;] TRAUMARE, CENTRE M\u00c8DIC. ARA MES A PROP TEU Horari d&#8217;atenci\u00f3: de dilluns a divendres de\u00a09 a 14 h i de 16 a 20 h Tel. 973 26 85 99 Traumare [\/vc_column_text][\/vc_column][\/vc_row][vc_row][vc_column][\/vc_column][\/vc_row][vc_row][vc_column][\/vc_column][\/vc_row][vc_row][vc_column][\/vc_column][\/vc_row]<\/p>\n","protected":false},"author":1,"featured_media":0,"parent":0,"menu_order":0,"comment_status":"closed","ping_status":"open","template":"template-home.php","meta":{"_monsterinsights_skip_tracking":false,"_monsterinsights_sitenote_active":false,"_monsterinsights_sitenote_note":"","_monsterinsights_sitenote_category":0,"footnotes":""},"yoast_head":"<!-- This site is optimized with the Yoast SEO plugin v21.8 - https:\/\/yoast.com\/wordpress\/plugins\/seo\/ -->\n<title>Traumare, Centre m\u00e8dic i rehabilitaci\u00f3 a Lleida<\/title>\n<meta name=\"description\" content=\"Traumare \u00e9s un Centre m\u00e8dic i rehabilitaci\u00f3 a Lleida que ofereix assist\u00e8ncia sanit\u00e0ria integral d&#039;accidents de tr\u00e0nsit.\" \/>\n<meta name=\"robots\" content=\"index, follow, max-snippet:-1, max-image-preview:large, max-video-preview:-1\" \/>\n<link rel=\"canonical\" href=\"https:\/\/traumare.com\/ca\/\" \/>\n<meta property=\"og:locale\" content=\"ca_ES\" \/>\n<meta property=\"og:type\" content=\"article\" \/>\n<meta property=\"og:title\" content=\"Traumare, Centre m\u00e8dic i rehabilitaci\u00f3 a Lleida\" \/>\n<meta property=\"og:description\" content=\"Traumare \u00e9s un Centre m\u00e8dic i rehabilitaci\u00f3 a Lleida que ofereix assist\u00e8ncia sanit\u00e0ria integral d&#039;accidents de tr\u00e0nsit.\" \/>\n<meta property=\"og:url\" content=\"https:\/\/traumare.com\/ca\/\" \/>\n<meta property=\"og:site_name\" content=\"TRAUMARE\" \/>\n<meta property=\"article:publisher\" content=\"https:\/\/www.facebook.com\/traumare\" \/>\n<meta property=\"article:modified_time\" content=\"2023-01-17T16:56:33+00:00\" \/>\n<meta property=\"og:image\" content=\"https:\/\/traumare.com\/wp-content\/uploads\/2014\/11\/logo-quadrat.jpg\" \/>\n\t<meta property=\"og:image:width\" content=\"252\" \/>\n\t<meta property=\"og:image:height\" content=\"179\" \/>\n\t<meta property=\"og:image:type\" content=\"image\/jpeg\" \/>\n<meta name=\"twitter:label1\" content=\"Est. reading time\" \/>\n\t<meta name=\"twitter:data1\" content=\"1 minute\" \/>\n<script type=\"application\/ld+json\" class=\"yoast-schema-graph\">{\"@context\":\"https:\/\/schema.org\",\"@graph\":[{\"@type\":\"WebPage\",\"@id\":\"https:\/\/traumare.com\/ca\/\",\"url\":\"https:\/\/traumare.com\/ca\/\",\"name\":\"Traumare, Centre m\u00e8dic i rehabilitaci\u00f3 a Lleida\",\"isPartOf\":{\"@id\":\"http:\/\/traumare.com\/ca\/#website\"},\"datePublished\":\"2015-02-02T16:17:02+00:00\",\"dateModified\":\"2023-01-17T16:56:33+00:00\",\"description\":\"Traumare \u00e9s un Centre m\u00e8dic i rehabilitaci\u00f3 a Lleida que ofereix assist\u00e8ncia sanit\u00e0ria integral d'accidents de tr\u00e0nsit.\",\"breadcrumb\":{\"@id\":\"https:\/\/traumare.com\/ca\/#breadcrumb\"},\"inLanguage\":\"ca-ES\",\"potentialAction\":[{\"@type\":\"ReadAction\",\"target\":[\"https:\/\/traumare.com\/ca\/\"]}]},{\"@type\":\"BreadcrumbList\",\"@id\":\"https:\/\/traumare.com\/ca\/#breadcrumb\",\"itemListElement\":[{\"@type\":\"ListItem\",\"position\":1,\"name\":\"Inici\",\"item\":\"https:\/\/traumare.com\/ca\/\"},{\"@type\":\"ListItem\",\"position\":2,\"name\":\"Inici\"}]},{\"@type\":\"WebSite\",\"@id\":\"http:\/\/traumare.com\/ca\/#website\",\"url\":\"http:\/\/traumare.com\/ca\/\",\"name\":\"TRAUMARE\",\"description\":\"\",\"potentialAction\":[{\"@type\":\"SearchAction\",\"target\":{\"@type\":\"EntryPoint\",\"urlTemplate\":\"http:\/\/traumare.com\/ca\/?s={search_term_string}\"},\"query-input\":\"required name=search_term_string\"}],\"inLanguage\":\"ca-ES\"}]}<\/script>\n<!-- \/ Yoast SEO plugin. -->","yoast_head_json":{"title":"Traumare, Centre m\u00e8dic i rehabilitaci\u00f3 a Lleida","description":"Traumare \u00e9s un Centre m\u00e8dic i rehabilitaci\u00f3 a Lleida que ofereix assist\u00e8ncia sanit\u00e0ria integral d'accidents de tr\u00e0nsit.","robots":{"index":"index","follow":"follow","max-snippet":"max-snippet:-1","max-image-preview":"max-image-preview:large","max-video-preview":"max-video-preview:-1"},"canonical":"https:\/\/traumare.com\/ca\/","og_locale":"ca_ES","og_type":"article","og_title":"Traumare, Centre m\u00e8dic i rehabilitaci\u00f3 a Lleida","og_description":"Traumare \u00e9s un Centre m\u00e8dic i rehabilitaci\u00f3 a Lleida que ofereix assist\u00e8ncia sanit\u00e0ria integral d'accidents de tr\u00e0nsit.","og_url":"https:\/\/traumare.com\/ca\/","og_site_name":"TRAUMARE","article_publisher":"https:\/\/www.facebook.com\/traumare","article_modified_time":"2023-01-17T16:56:33+00:00","og_image":[{"width":252,"height":179,"url":"https:\/\/traumare.com\/wp-content\/uploads\/2014\/11\/logo-quadrat.jpg","type":"image\/jpeg"}],"twitter_misc":{"Est. reading time":"1 minute"},"schema":{"@context":"https:\/\/schema.org","@graph":[{"@type":"WebPage","@id":"https:\/\/traumare.com\/ca\/","url":"https:\/\/traumare.com\/ca\/","name":"Traumare, Centre m\u00e8dic i rehabilitaci\u00f3 a Lleida","isPartOf":{"@id":"http:\/\/traumare.com\/ca\/#website"},"datePublished":"2015-02-02T16:17:02+00:00","dateModified":"2023-01-17T16:56:33+00:00","description":"Traumare \u00e9s un Centre m\u00e8dic i rehabilitaci\u00f3 a Lleida que ofereix assist\u00e8ncia sanit\u00e0ria integral d'accidents de tr\u00e0nsit.","breadcrumb":{"@id":"https:\/\/traumare.com\/ca\/#breadcrumb"},"inLanguage":"ca-ES","potentialAction":[{"@type":"ReadAction","target":["https:\/\/traumare.com\/ca\/"]}]},{"@type":"BreadcrumbList","@id":"https:\/\/traumare.com\/ca\/#breadcrumb","itemListElement":[{"@type":"ListItem","position":1,"name":"Inici","item":"https:\/\/traumare.com\/ca\/"},{"@type":"ListItem","position":2,"name":"Inici"}]},{"@type":"WebSite","@id":"http:\/\/traumare.com\/ca\/#website","url":"http:\/\/traumare.com\/ca\/","name":"TRAUMARE","description":"","potentialAction":[{"@type":"SearchAction","target":{"@type":"EntryPoint","urlTemplate":"http:\/\/traumare.com\/ca\/?s={search_term_string}"},"query-input":"required name=search_term_string"}],"inLanguage":"ca-ES"}]}},"_links":{"self":[{"href":"https:\/\/traumare.com\/ca\/wp-json\/wp\/v2\/pages\/266"}],"collection":[{"href":"https:\/\/traumare.com\/ca\/wp-json\/wp\/v2\/pages"}],"about":[{"href":"https:\/\/traumare.com\/ca\/wp-json\/wp\/v2\/types\/page"}],"author":[{"embeddable":true,"href":"https:\/\/traumare.com\/ca\/wp-json\/wp\/v2\/users\/1"}],"replies":[{"embeddable":true,"href":"https:\/\/traumare.com\/ca\/wp-json\/wp\/v2\/comments?post=266"}],"version-history":[{"count":22,"href":"https:\/\/traumare.com\/ca\/wp-json\/wp\/v2\/pages\/266\/revisions"}],"predecessor-version":[{"id":3188,"href":"https:\/\/traumare.com\/ca\/wp-json\/wp\/v2\/pages\/266\/revisions\/3188"}],"wp:attachment":[{"href":"https:\/\/traumare.com\/ca\/wp-json\/wp\/v2\/media?parent=266"}],"curies":[{"name":"wp","href":"https:\/\/api.w.org\/{rel}","templated":true}]}}